{"id":1028,"date":"2014-09-11T14:51:43","date_gmt":"2014-09-11T12:51:43","guid":{"rendered":"https:\/\/www.sgeaj.ch\/?page_id=1028"},"modified":"2021-04-12T13:20:49","modified_gmt":"2021-04-12T11:20:49","slug":"histoire","status":"publish","type":"page","link":"https:\/\/www.sgeaj.ch\/fr\/sseds\/histoire\/","title":{"rendered":"Histoire de la SSEDS"},"content":{"rendered":"<p>La Soci\u00e9t\u00e9 suisse pour l&rsquo;\u00e9tude du XVIIIe si\u00e8cle (SSEDS) a \u00e9t\u00e9 fond\u00e9e en 1991 dans le but de promouvoir la recherche sur le si\u00e8cle des Lumi\u00e8res en Suisse dans ses aspects historiques, politiques, philosophiques, scientifiques, litt\u00e9raires et artistiques. Si les activit\u00e9s de la Soci\u00e9t\u00e9 \u00e9taient initialement men\u00e9es par des chercheurs de la Suisse al\u00e9manique, elle a depuis \u00e9tendu son champ d&rsquo;action \u00e0 la Suisse romande. La pr\u00e9sidence de la Soci\u00e9t\u00e9 est assur\u00e9e alternativement par un repr\u00e9sentant de la Suisse al\u00e9manique et de la Suisse romande : Helmut Holzhey (1991-1996), Etienne Hofmann (1996-2001), Fritz Nagel (2001-2006), Simone Zurbuchen (2006-2011), Andr\u00e9 Holenstein &amp; Daniel Tr\u00f6hler (2011-2013), Claire Jaquier (2013-19) et Claire Gantet (2019-).<\/p>\n<p style=\"text-align: justify;\">La Soci\u00e9t\u00e9 est active dans divers domaines depuis pr\u00e8s de trente ans:<\/p>\n<ul>\n<li style=\"text-align: justify;\">Promotion de l&rsquo;\u00e9dition et des projets de recherche<\/li>\n<li style=\"text-align: justify;\">Organisation de congr\u00e8s nationaux et internationaux sur des th\u00e8mes sp\u00e9cifiques des Lumi\u00e8res suisses<\/li>\n<li style=\"text-align: justify;\">Publication d&rsquo;un bulletin (1992-2010)<\/li>\n<li style=\"text-align: justify;\">Publication de num\u00e9ros th\u00e9matiques<\/li>\n<li style=\"text-align: justify;\">Publication de la revue sp\u00e9cialis\u00e9e <em>xviii.ch <\/em>(2010-)<\/li>\n<li style=\"text-align: justify;\">Publication d&rsquo;\u00e9ditions de textes et d&rsquo;\u00e9tudes dans la s\u00e9rie <em>Travaux sur la Suisse des Lumi\u00e8res<\/em> (1998-)<\/li>\n<li style=\"text-align: justify;\">Aide aux jeunes chercheurs<\/li>\n<li style=\"text-align: justify;\">Participation aux r\u00e9unions de la <em>International Society for Eighteenth-Century Studies<\/em> (ISECS).<\/li>\n<\/ul>\n\n\n<div class=\"wp-block-buttons is-layout-flex wp-block-buttons-is-layout-flex\"><\/div>\n","protected":false},"excerpt":{"rendered":"<p>La Soci\u00e9t\u00e9 suisse pour l&rsquo;\u00e9tude du XVIIIe si\u00e8cle (SSEDS) a \u00e9t\u00e9 fond\u00e9e en 1991 dans le but de promouvoir la recherche sur le si\u00e8cle des Lumi\u00e8res en Suisse dans ses aspects historiques, politiques, philosophiques, scientifiques, litt\u00e9raires et artistiques. Si les activit\u00e9s de la Soci\u00e9t\u00e9 \u00e9taient initialement men\u00e9es par des chercheurs de la Suisse al\u00e9manique, elle [&hellip;]<\/p>\n","protected":false},"author":2,"featured_media":3558,"parent":42,"menu_order":0,"comment_status":"closed","ping_status":"closed","template":"","meta":{"footnotes":""},"class_list":["post-1028","page","type-page","status-publish","has-post-thumbnail","czr-hentry"],"yoast_head":"<!-- This site is optimized with the Yoast SEO plugin v26.9 - https:\/\/yoast.com\/product\/yoast-seo-wordpress\/ -->\n<title>Histoire de la SSEDS - Schweizerische Gesellschaft f\u00fcr die Erforschung des 18. Jahrhunderts (SGEAJ - SSEDS)<\/title>\n<meta name=\"robots\" content=\"index, follow, max-snippet:-1, max-image-preview:large, max-video-preview:-1\" \/>\n<link rel=\"canonical\" href=\"https:\/\/www.sgeaj.ch\/fr\/sseds\/histoire\/\" \/>\n<meta name=\"twitter:label1\" content=\"Dur\u00e9e de lecture estim\u00e9e\" \/>\n\t<meta name=\"twitter:data1\" content=\"1 minute\" \/>\n<script type=\"application\/ld+json\" class=\"yoast-schema-graph\">{\"@context\":\"https:\/\/schema.org\",\"@graph\":[{\"@type\":\"WebPage\",\"@id\":\"https:\/\/www.sgeaj.ch\/fr\/sseds\/histoire\/\",\"url\":\"https:\/\/www.sgeaj.ch\/fr\/sseds\/histoire\/\",\"name\":\"Histoire de la SSEDS - Schweizerische Gesellschaft f\u00fcr die Erforschung des 18. Jahrhunderts (SGEAJ - SSEDS)\",\"isPartOf\":{\"@id\":\"https:\/\/www.sgeaj.ch\/fr\/#website\"},\"primaryImageOfPage\":{\"@id\":\"https:\/\/www.sgeaj.ch\/fr\/sseds\/histoire\/#primaryimage\"},\"image\":{\"@id\":\"https:\/\/www.sgeaj.ch\/fr\/sseds\/histoire\/#primaryimage\"},\"thumbnailUrl\":\"https:\/\/www.sgeaj.ch\/wp-content\/uploads\/2016\/04\/J.E_Liotard_Portrait-de-F.-Tronchin.jpg\",\"datePublished\":\"2014-09-11T12:51:43+00:00\",\"dateModified\":\"2021-04-12T11:20:49+00:00\",\"breadcrumb\":{\"@id\":\"https:\/\/www.sgeaj.ch\/fr\/sseds\/histoire\/#breadcrumb\"},\"inLanguage\":\"fr-FR\",\"potentialAction\":[{\"@type\":\"ReadAction\",\"target\":[\"https:\/\/www.sgeaj.ch\/fr\/sseds\/histoire\/\"]}]},{\"@type\":\"ImageObject\",\"inLanguage\":\"fr-FR\",\"@id\":\"https:\/\/www.sgeaj.ch\/fr\/sseds\/histoire\/#primaryimage\",\"url\":\"https:\/\/www.sgeaj.ch\/wp-content\/uploads\/2016\/04\/J.E_Liotard_Portrait-de-F.-Tronchin.jpg\",\"contentUrl\":\"https:\/\/www.sgeaj.ch\/wp-content\/uploads\/2016\/04\/J.E_Liotard_Portrait-de-F.-Tronchin.jpg\",\"width\":1831,\"height\":1535},{\"@type\":\"BreadcrumbList\",\"@id\":\"https:\/\/www.sgeaj.ch\/fr\/sseds\/histoire\/#breadcrumb\",\"itemListElement\":[{\"@type\":\"ListItem\",\"position\":1,\"name\":\"Qui nous sommes\",\"item\":\"https:\/\/www.sgeaj.ch\/fr\/sseds\/\"},{\"@type\":\"ListItem\",\"position\":2,\"name\":\"Histoire de la SSEDS\"}]},{\"@type\":\"WebSite\",\"@id\":\"https:\/\/www.sgeaj.ch\/fr\/#website\",\"url\":\"https:\/\/www.sgeaj.ch\/fr\/\",\"name\":\"Schweizerische Gesellschaft f\u00fcr die Erforschung des 18. Jahrhunderts (SGEAJ - SSEDS)\",\"description\":\"Schweizerische Gesellschaft f\u00fcr die Erforschung des 18. Jahrhunderts\",\"publisher\":{\"@id\":\"https:\/\/www.sgeaj.ch\/fr\/#organization\"},\"potentialAction\":[{\"@type\":\"SearchAction\",\"target\":{\"@type\":\"EntryPoint\",\"urlTemplate\":\"https:\/\/www.sgeaj.ch\/fr\/?s={search_term_string}\"},\"query-input\":{\"@type\":\"PropertyValueSpecification\",\"valueRequired\":true,\"valueName\":\"search_term_string\"}}],\"inLanguage\":\"fr-FR\"},{\"@type\":\"Organization\",\"@id\":\"https:\/\/www.sgeaj.ch\/fr\/#organization\",\"name\":\"Schweizerische Gesellschaft f\u00fcr die Erforschung des 18. Jahrhunderts (SGEAJ - SSEDS)\",\"url\":\"https:\/\/www.sgeaj.ch\/fr\/\",\"logo\":{\"@type\":\"ImageObject\",\"inLanguage\":\"fr-FR\",\"@id\":\"https:\/\/www.sgeaj.ch\/fr\/#\/schema\/logo\/image\/\",\"url\":\"https:\/\/www.sgeaj.ch\/wp-content\/uploads\/2021\/06\/cropped-logo-xviiies-horiz-abreuviations-bleues.png\",\"contentUrl\":\"https:\/\/www.sgeaj.ch\/wp-content\/uploads\/2021\/06\/cropped-logo-xviiies-horiz-abreuviations-bleues.png\",\"width\":659,\"height\":335,\"caption\":\"Schweizerische Gesellschaft f\u00fcr die Erforschung des 18. Jahrhunderts (SGEAJ - SSEDS)\"},\"image\":{\"@id\":\"https:\/\/www.sgeaj.ch\/fr\/#\/schema\/logo\/image\/\"}}]}<\/script>\n<!-- \/ Yoast SEO plugin. -->","yoast_head_json":{"title":"Histoire de la SSEDS - Schweizerische Gesellschaft f\u00fcr die Erforschung des 18. Jahrhunderts (SGEAJ - SSEDS)","robots":{"index":"index","follow":"follow","max-snippet":"max-snippet:-1","max-image-preview":"max-image-preview:large","max-video-preview":"max-video-preview:-1"},"canonical":"https:\/\/www.sgeaj.ch\/fr\/sseds\/histoire\/","twitter_misc":{"Dur\u00e9e de lecture estim\u00e9e":"1 minute"},"schema":{"@context":"https:\/\/schema.org","@graph":[{"@type":"WebPage","@id":"https:\/\/www.sgeaj.ch\/fr\/sseds\/histoire\/","url":"https:\/\/www.sgeaj.ch\/fr\/sseds\/histoire\/","name":"Histoire de la SSEDS - Schweizerische Gesellschaft f\u00fcr die Erforschung des 18. Jahrhunderts (SGEAJ - SSEDS)","isPartOf":{"@id":"https:\/\/www.sgeaj.ch\/fr\/#website"},"primaryImageOfPage":{"@id":"https:\/\/www.sgeaj.ch\/fr\/sseds\/histoire\/#primaryimage"},"image":{"@id":"https:\/\/www.sgeaj.ch\/fr\/sseds\/histoire\/#primaryimage"},"thumbnailUrl":"https:\/\/www.sgeaj.ch\/wp-content\/uploads\/2016\/04\/J.E_Liotard_Portrait-de-F.-Tronchin.jpg","datePublished":"2014-09-11T12:51:43+00:00","dateModified":"2021-04-12T11:20:49+00:00","breadcrumb":{"@id":"https:\/\/www.sgeaj.ch\/fr\/sseds\/histoire\/#breadcrumb"},"inLanguage":"fr-FR","potentialAction":[{"@type":"ReadAction","target":["https:\/\/www.sgeaj.ch\/fr\/sseds\/histoire\/"]}]},{"@type":"ImageObject","inLanguage":"fr-FR","@id":"https:\/\/www.sgeaj.ch\/fr\/sseds\/histoire\/#primaryimage","url":"https:\/\/www.sgeaj.ch\/wp-content\/uploads\/2016\/04\/J.E_Liotard_Portrait-de-F.-Tronchin.jpg","contentUrl":"https:\/\/www.sgeaj.ch\/wp-content\/uploads\/2016\/04\/J.E_Liotard_Portrait-de-F.-Tronchin.jpg","width":1831,"height":1535},{"@type":"BreadcrumbList","@id":"https:\/\/www.sgeaj.ch\/fr\/sseds\/histoire\/#breadcrumb","itemListElement":[{"@type":"ListItem","position":1,"name":"Qui nous sommes","item":"https:\/\/www.sgeaj.ch\/fr\/sseds\/"},{"@type":"ListItem","position":2,"name":"Histoire de la SSEDS"}]},{"@type":"WebSite","@id":"https:\/\/www.sgeaj.ch\/fr\/#website","url":"https:\/\/www.sgeaj.ch\/fr\/","name":"Schweizerische Gesellschaft f\u00fcr die Erforschung des 18. Jahrhunderts (SGEAJ - SSEDS)","description":"Schweizerische Gesellschaft f\u00fcr die Erforschung des 18. Jahrhunderts","publisher":{"@id":"https:\/\/www.sgeaj.ch\/fr\/#organization"},"potentialAction":[{"@type":"SearchAction","target":{"@type":"EntryPoint","urlTemplate":"https:\/\/www.sgeaj.ch\/fr\/?s={search_term_string}"},"query-input":{"@type":"PropertyValueSpecification","valueRequired":true,"valueName":"search_term_string"}}],"inLanguage":"fr-FR"},{"@type":"Organization","@id":"https:\/\/www.sgeaj.ch\/fr\/#organization","name":"Schweizerische Gesellschaft f\u00fcr die Erforschung des 18. Jahrhunderts (SGEAJ - SSEDS)","url":"https:\/\/www.sgeaj.ch\/fr\/","logo":{"@type":"ImageObject","inLanguage":"fr-FR","@id":"https:\/\/www.sgeaj.ch\/fr\/#\/schema\/logo\/image\/","url":"https:\/\/www.sgeaj.ch\/wp-content\/uploads\/2021\/06\/cropped-logo-xviiies-horiz-abreuviations-bleues.png","contentUrl":"https:\/\/www.sgeaj.ch\/wp-content\/uploads\/2021\/06\/cropped-logo-xviiies-horiz-abreuviations-bleues.png","width":659,"height":335,"caption":"Schweizerische Gesellschaft f\u00fcr die Erforschung des 18. Jahrhunderts (SGEAJ - SSEDS)"},"image":{"@id":"https:\/\/www.sgeaj.ch\/fr\/#\/schema\/logo\/image\/"}}]}},"_links":{"self":[{"href":"https:\/\/www.sgeaj.ch\/fr\/wp-json\/wp\/v2\/pages\/1028","targetHints":{"allow":["GET"]}}],"collection":[{"href":"https:\/\/www.sgeaj.ch\/fr\/wp-json\/wp\/v2\/pages"}],"about":[{"href":"https:\/\/www.sgeaj.ch\/fr\/wp-json\/wp\/v2\/types\/page"}],"author":[{"embeddable":true,"href":"https:\/\/www.sgeaj.ch\/fr\/wp-json\/wp\/v2\/users\/2"}],"replies":[{"embeddable":true,"href":"https:\/\/www.sgeaj.ch\/fr\/wp-json\/wp\/v2\/comments?post=1028"}],"version-history":[{"count":20,"href":"https:\/\/www.sgeaj.ch\/fr\/wp-json\/wp\/v2\/pages\/1028\/revisions"}],"predecessor-version":[{"id":6315,"href":"https:\/\/www.sgeaj.ch\/fr\/wp-json\/wp\/v2\/pages\/1028\/revisions\/6315"}],"up":[{"embeddable":true,"href":"https:\/\/www.sgeaj.ch\/fr\/wp-json\/wp\/v2\/pages\/42"}],"wp:featuredmedia":[{"embeddable":true,"href":"https:\/\/www.sgeaj.ch\/fr\/wp-json\/wp\/v2\/media\/3558"}],"wp:attachment":[{"href":"https:\/\/www.sgeaj.ch\/fr\/wp-json\/wp\/v2\/media?parent=1028"}],"curies":[{"name":"wp","href":"https:\/\/api.w.org\/{rel}","templated":true}]}}