{"id":3246,"date":"2019-04-30T11:45:20","date_gmt":"2019-04-30T09:45:20","guid":{"rendered":"https:\/\/www.sgeaj.ch\/?page_id=3246"},"modified":"2021-04-22T16:37:03","modified_gmt":"2021-04-22T14:37:03","slug":"dh","status":"publish","type":"page","link":"https:\/\/www.sgeaj.ch\/fr\/recherche\/dh\/","title":{"rendered":"Les Humanit\u00e9s digitales en Suisse"},"content":{"rendered":"<div class=\"wpb-content-wrapper\"><p>[vc_row][vc_column][vc_column_text]<\/p>\n<h3>Autour de projets dix-huiti\u00e8mistes. R\u00e9pertoire des plateformes et bases de donn\u00e9es ayant trait au long XVIIIe si\u00e8cle<\/h3>\n<p>[\/vc_column_text][\/vc_column][\/vc_row][vc_row][vc_column width=\u00a0\u00bb2\/3&Prime;][vc_column_text]Depuis plusieurs ann\u00e9es, les sciences humaines vivent un tournant num\u00e9rique important. Les humanit\u00e9s digitales sont d\u00e9sormais devenues mati\u00e8re d\u2019enseignement dans les facult\u00e9s de lettres. Les chercheurs sont de plus en plus appel\u00e9s \u00e0 d\u00e9velopper des approches num\u00e9riques. Les universit\u00e9s et les institutions culturelles suisses s\u2019ins\u00e8rent de mani\u00e8re dynamique dans ce changement. Plusieurs projets novateurs et d\u2019une certaine envergure voient r\u00e9guli\u00e8rement le jour depuis une quinzaine d\u2019ann\u00e9es. Les \u00e9tudes sur le XVIII<sup>e<\/sup> si\u00e8cle ont pu b\u00e9n\u00e9ficier de cette dynamique.<\/p>\n<p>La SSEDS veut donner aux chercheurs l\u2019opportunit\u00e9 de faire conna\u00eetre \u00e0 un plus large public les principaux projets d\u00e9velopp\u00e9s en Suisse en lien avec les ann\u00e9es 1650-1850 (bases de donn\u00e9es, r\u00e9pertoires, \u00e9ditions online,\u2026). A cette fin, elle a \u00e9tabli un r\u00e9pertoire des bases de donn\u00e9es suisses ayant trait au long XVIII<sup>e <\/sup>si\u00e8cle.[\/vc_column_text][\/vc_column][vc_column width=\u00a0\u00bb1\/3&Prime;][vc_column_text]<\/p>\n<h3>Annoncer un projet<\/h3>\n<p>Pour figurer dans le r\u00e9pertoire de la SSEDS, merci de remplir <a href=\"#dh-form\">le formulaire ci-dessous<\/a> et d&rsquo;y joindre une image (jpg \/ 1110 px). Les contributions peuvent \u00eatre r\u00e9dig\u00e9es dans les langues nationales et en anglais.[\/vc_column_text][\/vc_column][\/vc_row][vc_row][vc_column][vc_column_text]<\/p>\n<h3>Plateformes et bases de donn\u00e9es<\/h3>\n<p>[\/vc_column_text][\/vc_column][\/vc_row][vc_row][vc_column][vc_basic_grid post_type=\u00a0\u00bbpost\u00a0\u00bb max_items=\u00a0\u00bb-1&Prime; element_width=\u00a0\u00bb3&Prime; orderby=\u00a0\u00bbtitle\u00a0\u00bb order=\u00a0\u00bbASC\u00a0\u00bb item=\u00a0\u00bbbasicGrid_VerticalFlip\u00a0\u00bb grid_id=\u00a0\u00bbvc_gid:1619102205846-b5fdb92faa7498c52b23c43fe7d60cab-4&Prime; taxonomies=\u00a0\u00bb44&Prime;][\/vc_column][\/vc_row][vc_row][vc_column][vc_column_text]<\/p>\n<h2 id=\"dh-form\">Signalez-nous votre projet !<\/h2>\n<p>[\/vc_column_text][\/vc_column][\/vc_row][vc_row][vc_column]\n<div class=\"wpcf7 no-js\" id=\"wpcf7-f6348-o1\" lang=\"de-DE\" dir=\"ltr\" data-wpcf7-id=\"6348\">\n<div class=\"screen-reader-response\"><p role=\"status\" aria-live=\"polite\" aria-atomic=\"true\"><\/p> <ul><\/ul><\/div>\n<form action=\"\/fr\/wp-json\/wp\/v2\/pages\/3246#wpcf7-f6348-o1\" method=\"post\" class=\"wpcf7-form init\" aria-label=\"Kontaktformular\" enctype=\"multipart\/form-data\" novalidate=\"novalidate\" data-status=\"init\">\n<fieldset class=\"hidden-fields-container\"><input type=\"hidden\" name=\"_wpcf7\" value=\"6348\" \/><input type=\"hidden\" name=\"_wpcf7_version\" value=\"6.1.5\" \/><input type=\"hidden\" name=\"_wpcf7_locale\" value=\"de_DE\" \/><input type=\"hidden\" name=\"_wpcf7_unit_tag\" value=\"wpcf7-f6348-o1\" \/><input type=\"hidden\" name=\"_wpcf7_container_post\" value=\"0\" \/><input type=\"hidden\" name=\"_wpcf7_posted_data_hash\" value=\"\" \/>\n<\/fieldset>\n<p>Pr\u00e9nom, nom *<br \/>\n<span class=\"wpcf7-form-control-wrap\" data-name=\"vorname-name\"><input size=\"40\" maxlength=\"400\" class=\"wpcf7-form-control wpcf7-text wpcf7-validates-as-required\" aria-required=\"true\" aria-invalid=\"false\" value=\"\" type=\"text\" name=\"vorname-name\" \/><\/span>\n<\/p>\n<p>Courriel *<br \/>\n<span class=\"wpcf7-form-control-wrap\" data-name=\"email\"><input size=\"40\" maxlength=\"400\" class=\"wpcf7-form-control wpcf7-email wpcf7-validates-as-required wpcf7-text wpcf7-validates-as-email\" aria-required=\"true\" aria-invalid=\"false\" value=\"\" type=\"email\" name=\"email\" \/><\/span>\n<\/p>\n<p>Institution\/s *<br \/>\n<span class=\"wpcf7-form-control-wrap\" data-name=\"institution\"><input size=\"40\" maxlength=\"400\" class=\"wpcf7-form-control wpcf7-text wpcf7-validates-as-required\" aria-required=\"true\" aria-invalid=\"false\" value=\"\" type=\"text\" name=\"institution\" \/><\/span>\n<\/p>\n<p> Titre du projet\/plateforme\/Base de donn\u00e9es *<br \/>\n<span class=\"wpcf7-form-control-wrap\" data-name=\"projekttitel\"><input size=\"40\" maxlength=\"400\" class=\"wpcf7-form-control wpcf7-text wpcf7-validates-as-required\" aria-required=\"true\" aria-invalid=\"false\" value=\"\" type=\"text\" name=\"projekttitel\" \/><\/span>\n<\/p>\n<p> Adresse web *<br \/>\n<span class=\"wpcf7-form-control-wrap\" data-name=\"website\"><input size=\"40\" maxlength=\"400\" class=\"wpcf7-form-control wpcf7-text wpcf7-validates-as-required\" aria-required=\"true\" aria-invalid=\"false\" value=\"\" type=\"text\" name=\"website\" \/><\/span>\n<\/p>\n<p> Directeur-trice du projet *<br \/>\n<span class=\"wpcf7-form-control-wrap\" data-name=\"your-name\"><input size=\"40\" maxlength=\"400\" class=\"wpcf7-form-control wpcf7-text wpcf7-validates-as-required\" aria-required=\"true\" aria-invalid=\"false\" value=\"\" type=\"text\" name=\"your-name\" \/><\/span>\n<\/p>\n<p> Collaborateurs-trices scientifiques *<br \/>\n<span class=\"wpcf7-form-control-wrap\" data-name=\"wissenschaftliche-mitarbeitende\"><input size=\"40\" maxlength=\"400\" class=\"wpcf7-form-control wpcf7-text wpcf7-validates-as-required\" aria-required=\"true\" aria-invalid=\"false\" value=\"\" type=\"text\" name=\"wissenschaftliche-mitarbeitende\" \/><\/span>\n<\/p>\n<p> Collaborateurs-trices technologiques *<br \/>\n<span class=\"wpcf7-form-control-wrap\" data-name=\"technische-mitarbeitende\"><input size=\"40\" maxlength=\"400\" class=\"wpcf7-form-control wpcf7-text wpcf7-validates-as-required\" aria-required=\"true\" aria-invalid=\"false\" value=\"\" type=\"text\" name=\"technische-mitarbeitende\" \/><\/span>\n<\/p>\n<p> Dur\u00e9e du projet *<br \/>\n<span class=\"wpcf7-form-control-wrap\" data-name=\"projektdauer\"><input size=\"40\" maxlength=\"400\" class=\"wpcf7-form-control wpcf7-text wpcf7-validates-as-required\" aria-required=\"true\" aria-invalid=\"false\" value=\"\" type=\"text\" name=\"projektdauer\" \/><\/span>\n<\/p>\n<p> Financement *<br \/>\n<span class=\"wpcf7-form-control-wrap\" data-name=\"finanzierung\"><input size=\"40\" maxlength=\"400\" class=\"wpcf7-form-control wpcf7-text wpcf7-validates-as-required\" aria-required=\"true\" aria-invalid=\"false\" value=\"\" type=\"text\" name=\"finanzierung\" \/><\/span>\n<\/p>\n<p> Standards, approches et outils technologiques *<br \/>\n<span class=\"wpcf7-form-control-wrap\" data-name=\"technologie\"><input size=\"40\" maxlength=\"400\" class=\"wpcf7-form-control wpcf7-text wpcf7-validates-as-required\" aria-required=\"true\" aria-invalid=\"false\" value=\"\" type=\"text\" name=\"technologie\" \/><\/span>\n<\/p>\n<p> Description du projet (port\u00e9e g\u00e9ographique,temporelle et personnages principaux)<br \/>\n(max. 2000 caract\u00e8res)<br \/>\n<span class=\"wpcf7-form-control-wrap\" data-name=\"projektbeschreibung\"><textarea cols=\"40\" rows=\"10\" maxlength=\"2000\" class=\"wpcf7-form-control wpcf7-textarea\" aria-invalid=\"false\" name=\"projektbeschreibung\"><\/textarea><\/span>\n<\/p>\n<p>Dateien<br \/>\n<span class=\"wpcf7-form-control-wrap\" data-name=\"fichier-1\"><input size=\"40\" class=\"wpcf7-form-control wpcf7-file\" accept=\".pdf,.doc,.docx,.xls,.xlsx,.png,.jpg,.jpeg\" aria-invalid=\"false\" type=\"file\" name=\"fichier-1\" \/><\/span><br \/>\n<span class=\"wpcf7-form-control-wrap\" data-name=\"fichier-2\"><input size=\"40\" class=\"wpcf7-form-control wpcf7-file\" accept=\".pdf,.doc,.docx,.xls,.xlsx,.png,.jpg,.jpeg\" aria-invalid=\"false\" type=\"file\" name=\"fichier-2\" \/><\/span><br \/>\n<span class=\"wpcf7-form-control-wrap\" data-name=\"fichier-3\"><input size=\"40\" class=\"wpcf7-form-control wpcf7-file\" accept=\".pdf,.doc,.docx,.xls,.xlsx,.png,.jpg,.jpeg\" aria-invalid=\"false\" type=\"file\" name=\"fichier-3\" \/><\/span>\n<\/p>\n<p>Anti-spam<br \/>\n<input type=\"hidden\" name=\"_wpcf7_captcha_challenge_captcha-2\" value=\"4025227167\" \/><img loading=\"lazy\" decoding=\"async\" class=\"wpcf7-form-control wpcf7-captchac wpcf7-captcha-captcha-2\" width=\"72\" height=\"24\" alt=\"captcha\" src=\"https:\/\/www.sgeaj.ch\/wp-content\/uploads\/wpcf7_captcha\/4025227167.png\" \/><br \/>\n<span class=\"wpcf7-form-control-wrap\" data-name=\"captcha-2\"><input size=\"40\" class=\"wpcf7-form-control wpcf7-captchar\" autocomplete=\"off\" aria-invalid=\"false\" value=\"\" type=\"text\" name=\"captcha-2\" \/><\/span>\n<\/p>\n<p><input class=\"wpcf7-form-control wpcf7-submit has-spinner\" type=\"submit\" value=\"Envoyer\" \/>\n<\/p><div class=\"wpcf7-response-output\" aria-hidden=\"true\"><\/div>\n<\/form>\n<\/div>\n[\/vc_column][\/vc_row]<\/p>\n<!-- \/wp:post-content --><\/div>","protected":false},"excerpt":{"rendered":"<p>[vc_row][vc_column][vc_column_text] Autour de projets dix-huiti\u00e8mistes. R\u00e9pertoire des plateformes et bases de donn\u00e9es ayant trait au long XVIIIe si\u00e8cle [\/vc_column_text][\/vc_column][\/vc_row][vc_row][vc_column width=\u00a0\u00bb2\/3&Prime;][vc_column_text]Depuis plusieurs ann\u00e9es, les sciences humaines vivent un tournant num\u00e9rique important. Les humanit\u00e9s digitales sont d\u00e9sormais devenues mati\u00e8re d\u2019enseignement dans les facult\u00e9s de lettres. Les chercheurs sont de plus en plus appel\u00e9s \u00e0 d\u00e9velopper des approches [&hellip;]<\/p>\n","protected":false},"author":2,"featured_media":4872,"parent":52,"menu_order":0,"comment_status":"closed","ping_status":"closed","template":"","meta":{"footnotes":""},"class_list":["post-3246","page","type-page","status-publish","has-post-thumbnail","czr-hentry"],"yoast_head":"<!-- This site is optimized with the Yoast SEO plugin v26.9 - https:\/\/yoast.com\/product\/yoast-seo-wordpress\/ -->\n<title>Les Humanit\u00e9s digitales en Suisse - Schweizerische Gesellschaft f\u00fcr die Erforschung des 18. Jahrhunderts (SGEAJ - SSEDS)<\/title>\n<meta name=\"robots\" content=\"index, follow, max-snippet:-1, max-image-preview:large, max-video-preview:-1\" \/>\n<link rel=\"canonical\" href=\"https:\/\/www.sgeaj.ch\/fr\/recherche\/dh\/\" \/>\n<meta name=\"twitter:label1\" content=\"Dur\u00e9e de lecture estim\u00e9e\" \/>\n\t<meta name=\"twitter:data1\" content=\"1 minute\" \/>\n<script type=\"application\/ld+json\" class=\"yoast-schema-graph\">{\"@context\":\"https:\/\/schema.org\",\"@graph\":[{\"@type\":\"WebPage\",\"@id\":\"https:\/\/www.sgeaj.ch\/fr\/recherche\/dh\/\",\"url\":\"https:\/\/www.sgeaj.ch\/fr\/recherche\/dh\/\",\"name\":\"Les Humanit\u00e9s digitales en Suisse - Schweizerische Gesellschaft f\u00fcr die Erforschung des 18. Jahrhunderts (SGEAJ - SSEDS)\",\"isPartOf\":{\"@id\":\"https:\/\/www.sgeaj.ch\/fr\/#website\"},\"primaryImageOfPage\":{\"@id\":\"https:\/\/www.sgeaj.ch\/fr\/recherche\/dh\/#primaryimage\"},\"image\":{\"@id\":\"https:\/\/www.sgeaj.ch\/fr\/recherche\/dh\/#primaryimage\"},\"thumbnailUrl\":\"https:\/\/www.sgeaj.ch\/wp-content\/uploads\/2021\/01\/rousseau-online.jpg\",\"datePublished\":\"2019-04-30T09:45:20+00:00\",\"dateModified\":\"2021-04-22T14:37:03+00:00\",\"breadcrumb\":{\"@id\":\"https:\/\/www.sgeaj.ch\/fr\/recherche\/dh\/#breadcrumb\"},\"inLanguage\":\"fr-FR\",\"potentialAction\":[{\"@type\":\"ReadAction\",\"target\":[\"https:\/\/www.sgeaj.ch\/fr\/recherche\/dh\/\"]}]},{\"@type\":\"ImageObject\",\"inLanguage\":\"fr-FR\",\"@id\":\"https:\/\/www.sgeaj.ch\/fr\/recherche\/dh\/#primaryimage\",\"url\":\"https:\/\/www.sgeaj.ch\/wp-content\/uploads\/2021\/01\/rousseau-online.jpg\",\"contentUrl\":\"https:\/\/www.sgeaj.ch\/wp-content\/uploads\/2021\/01\/rousseau-online.jpg\",\"width\":1645,\"height\":609},{\"@type\":\"BreadcrumbList\",\"@id\":\"https:\/\/www.sgeaj.ch\/fr\/recherche\/dh\/#breadcrumb\",\"itemListElement\":[{\"@type\":\"ListItem\",\"position\":1,\"name\":\"Recherche\",\"item\":\"https:\/\/www.sgeaj.ch\/fr\/recherche\/\"},{\"@type\":\"ListItem\",\"position\":2,\"name\":\"Les Humanit\u00e9s digitales en Suisse\"}]},{\"@type\":\"WebSite\",\"@id\":\"https:\/\/www.sgeaj.ch\/fr\/#website\",\"url\":\"https:\/\/www.sgeaj.ch\/fr\/\",\"name\":\"Schweizerische Gesellschaft f\u00fcr die Erforschung des 18. Jahrhunderts (SGEAJ - SSEDS)\",\"description\":\"Schweizerische Gesellschaft f\u00fcr die Erforschung des 18. Jahrhunderts\",\"publisher\":{\"@id\":\"https:\/\/www.sgeaj.ch\/fr\/#organization\"},\"potentialAction\":[{\"@type\":\"SearchAction\",\"target\":{\"@type\":\"EntryPoint\",\"urlTemplate\":\"https:\/\/www.sgeaj.ch\/fr\/?s={search_term_string}\"},\"query-input\":{\"@type\":\"PropertyValueSpecification\",\"valueRequired\":true,\"valueName\":\"search_term_string\"}}],\"inLanguage\":\"fr-FR\"},{\"@type\":\"Organization\",\"@id\":\"https:\/\/www.sgeaj.ch\/fr\/#organization\",\"name\":\"Schweizerische Gesellschaft f\u00fcr die Erforschung des 18. Jahrhunderts (SGEAJ - SSEDS)\",\"url\":\"https:\/\/www.sgeaj.ch\/fr\/\",\"logo\":{\"@type\":\"ImageObject\",\"inLanguage\":\"fr-FR\",\"@id\":\"https:\/\/www.sgeaj.ch\/fr\/#\/schema\/logo\/image\/\",\"url\":\"https:\/\/www.sgeaj.ch\/wp-content\/uploads\/2021\/06\/cropped-logo-xviiies-horiz-abreuviations-bleues.png\",\"contentUrl\":\"https:\/\/www.sgeaj.ch\/wp-content\/uploads\/2021\/06\/cropped-logo-xviiies-horiz-abreuviations-bleues.png\",\"width\":659,\"height\":335,\"caption\":\"Schweizerische Gesellschaft f\u00fcr die Erforschung des 18. Jahrhunderts (SGEAJ - SSEDS)\"},\"image\":{\"@id\":\"https:\/\/www.sgeaj.ch\/fr\/#\/schema\/logo\/image\/\"}}]}<\/script>\n<!-- \/ Yoast SEO plugin. -->","yoast_head_json":{"title":"Les Humanit\u00e9s digitales en Suisse - Schweizerische Gesellschaft f\u00fcr die Erforschung des 18. Jahrhunderts (SGEAJ - SSEDS)","robots":{"index":"index","follow":"follow","max-snippet":"max-snippet:-1","max-image-preview":"max-image-preview:large","max-video-preview":"max-video-preview:-1"},"canonical":"https:\/\/www.sgeaj.ch\/fr\/recherche\/dh\/","twitter_misc":{"Dur\u00e9e de lecture estim\u00e9e":"1 minute"},"schema":{"@context":"https:\/\/schema.org","@graph":[{"@type":"WebPage","@id":"https:\/\/www.sgeaj.ch\/fr\/recherche\/dh\/","url":"https:\/\/www.sgeaj.ch\/fr\/recherche\/dh\/","name":"Les Humanit\u00e9s digitales en Suisse - Schweizerische Gesellschaft f\u00fcr die Erforschung des 18. Jahrhunderts (SGEAJ - SSEDS)","isPartOf":{"@id":"https:\/\/www.sgeaj.ch\/fr\/#website"},"primaryImageOfPage":{"@id":"https:\/\/www.sgeaj.ch\/fr\/recherche\/dh\/#primaryimage"},"image":{"@id":"https:\/\/www.sgeaj.ch\/fr\/recherche\/dh\/#primaryimage"},"thumbnailUrl":"https:\/\/www.sgeaj.ch\/wp-content\/uploads\/2021\/01\/rousseau-online.jpg","datePublished":"2019-04-30T09:45:20+00:00","dateModified":"2021-04-22T14:37:03+00:00","breadcrumb":{"@id":"https:\/\/www.sgeaj.ch\/fr\/recherche\/dh\/#breadcrumb"},"inLanguage":"fr-FR","potentialAction":[{"@type":"ReadAction","target":["https:\/\/www.sgeaj.ch\/fr\/recherche\/dh\/"]}]},{"@type":"ImageObject","inLanguage":"fr-FR","@id":"https:\/\/www.sgeaj.ch\/fr\/recherche\/dh\/#primaryimage","url":"https:\/\/www.sgeaj.ch\/wp-content\/uploads\/2021\/01\/rousseau-online.jpg","contentUrl":"https:\/\/www.sgeaj.ch\/wp-content\/uploads\/2021\/01\/rousseau-online.jpg","width":1645,"height":609},{"@type":"BreadcrumbList","@id":"https:\/\/www.sgeaj.ch\/fr\/recherche\/dh\/#breadcrumb","itemListElement":[{"@type":"ListItem","position":1,"name":"Recherche","item":"https:\/\/www.sgeaj.ch\/fr\/recherche\/"},{"@type":"ListItem","position":2,"name":"Les Humanit\u00e9s digitales en Suisse"}]},{"@type":"WebSite","@id":"https:\/\/www.sgeaj.ch\/fr\/#website","url":"https:\/\/www.sgeaj.ch\/fr\/","name":"Schweizerische Gesellschaft f\u00fcr die Erforschung des 18. Jahrhunderts (SGEAJ - SSEDS)","description":"Schweizerische Gesellschaft f\u00fcr die Erforschung des 18. Jahrhunderts","publisher":{"@id":"https:\/\/www.sgeaj.ch\/fr\/#organization"},"potentialAction":[{"@type":"SearchAction","target":{"@type":"EntryPoint","urlTemplate":"https:\/\/www.sgeaj.ch\/fr\/?s={search_term_string}"},"query-input":{"@type":"PropertyValueSpecification","valueRequired":true,"valueName":"search_term_string"}}],"inLanguage":"fr-FR"},{"@type":"Organization","@id":"https:\/\/www.sgeaj.ch\/fr\/#organization","name":"Schweizerische Gesellschaft f\u00fcr die Erforschung des 18. Jahrhunderts (SGEAJ - SSEDS)","url":"https:\/\/www.sgeaj.ch\/fr\/","logo":{"@type":"ImageObject","inLanguage":"fr-FR","@id":"https:\/\/www.sgeaj.ch\/fr\/#\/schema\/logo\/image\/","url":"https:\/\/www.sgeaj.ch\/wp-content\/uploads\/2021\/06\/cropped-logo-xviiies-horiz-abreuviations-bleues.png","contentUrl":"https:\/\/www.sgeaj.ch\/wp-content\/uploads\/2021\/06\/cropped-logo-xviiies-horiz-abreuviations-bleues.png","width":659,"height":335,"caption":"Schweizerische Gesellschaft f\u00fcr die Erforschung des 18. Jahrhunderts (SGEAJ - SSEDS)"},"image":{"@id":"https:\/\/www.sgeaj.ch\/fr\/#\/schema\/logo\/image\/"}}]}},"_links":{"self":[{"href":"https:\/\/www.sgeaj.ch\/fr\/wp-json\/wp\/v2\/pages\/3246","targetHints":{"allow":["GET"]}}],"collection":[{"href":"https:\/\/www.sgeaj.ch\/fr\/wp-json\/wp\/v2\/pages"}],"about":[{"href":"https:\/\/www.sgeaj.ch\/fr\/wp-json\/wp\/v2\/types\/page"}],"author":[{"embeddable":true,"href":"https:\/\/www.sgeaj.ch\/fr\/wp-json\/wp\/v2\/users\/2"}],"replies":[{"embeddable":true,"href":"https:\/\/www.sgeaj.ch\/fr\/wp-json\/wp\/v2\/comments?post=3246"}],"version-history":[{"count":37,"href":"https:\/\/www.sgeaj.ch\/fr\/wp-json\/wp\/v2\/pages\/3246\/revisions"}],"predecessor-version":[{"id":6352,"href":"https:\/\/www.sgeaj.ch\/fr\/wp-json\/wp\/v2\/pages\/3246\/revisions\/6352"}],"up":[{"embeddable":true,"href":"https:\/\/www.sgeaj.ch\/fr\/wp-json\/wp\/v2\/pages\/52"}],"wp:featuredmedia":[{"embeddable":true,"href":"https:\/\/www.sgeaj.ch\/fr\/wp-json\/wp\/v2\/media\/4872"}],"wp:attachment":[{"href":"https:\/\/www.sgeaj.ch\/fr\/wp-json\/wp\/v2\/media?parent=3246"}],"curies":[{"name":"wp","href":"https:\/\/api.w.org\/{rel}","templated":true}]}}