{"id":327,"date":"2013-12-09T11:38:30","date_gmt":"2013-12-09T10:38:30","guid":{"rendered":"https:\/\/www.sgeaj.ch\/?page_id=327"},"modified":"2025-10-23T09:47:42","modified_gmt":"2025-10-23T07:47:42","slug":"xviii-ch","status":"publish","type":"page","link":"https:\/\/www.sgeaj.ch\/fr\/publications\/xviii-ch\/","title":{"rendered":"xviii.ch &#8211; Revue suisse d\u2019\u00e9tudes sur le XVIIIe si\u00e8cle"},"content":{"rendered":"<div class=\"wpb-content-wrapper\"><p>[vc_row][vc_column width=\u00a0\u00bb2\/3&Prime;][vc_column_text]<em><img loading=\"lazy\" decoding=\"async\" class=\"size-medium wp-image-3971 alignleft\" src=\"https:\/\/www.sgeaj.ch\/wp-content\/uploads\/2020\/07\/xviii.ch_Titelseite-207x300.jpg\" alt=\"\" width=\"207\" height=\"300\" srcset=\"https:\/\/www.sgeaj.ch\/wp-content\/uploads\/2020\/07\/xviii.ch_Titelseite-207x300.jpg 207w, https:\/\/www.sgeaj.ch\/wp-content\/uploads\/2020\/07\/xviii.ch_Titelseite-104x150.jpg 104w, https:\/\/www.sgeaj.ch\/wp-content\/uploads\/2020\/07\/xviii.ch_Titelseite.jpg 298w\" sizes=\"auto, (max-width: 207px) 100vw, 207px\" \/><\/em><\/p>\n<p><em>xviii.ch &#8211; Revue suisse d\u2019\u00e9tudes sur le XVIII<sup>e<\/sup> si\u00e8cle\u00a0(anciennement Annales de la Soci\u00e9t\u00e9 suisse pour l\u2019\u00e9tude du XVIII<sup>e<\/sup>\u00a0si\u00e8cle)\u00a0<\/em> para\u00eet une fois par an et est publi\u00e9 par la Soci\u00e9t\u00e9 suisse pour l&rsquo;\u00e9tude du XVIII<sup>e<\/sup> si\u00e8cle aux \u00e9ditions Schwabe (B\u00e2le), avec le soutien financier de l&rsquo;Acad\u00e9mie suisse des sciences humaines et sociales (<a href=\"http:\/\/\/www.sagw.ch\/fr\/sagw.html\">ASSH<\/a>). La revue, qui propose en alternance des volumes th\u00e9matiques, confi\u00e9s \u00e0 des \u00e9diteurs ou \u00e9ditrices invit\u00e9-e-s, et des volumes libres, est supervis\u00e9e par une \u00e9quipe \u00e9ditoriale interdisciplinaire. Elle publie des contributions en allemand, fran\u00e7ais, italien et anglais. La qualit\u00e9 des articles est garantie par un processus d\u2019\u00e9valuation externe par les pairs. Depuis cette ann\u00e9e, en plus de l&rsquo;\u00e9dition imprim\u00e9e, la revue para\u00eet simultan\u00e9ment en Open Access.<\/p>\n<p><em>xviii.ch<\/em> offre la possibilit\u00e9 de publier des articles scientifiques originaux ou des \u00e9ditions de sources portant sur tous les aspects de l&rsquo;histoire intellectuelle, sociale et culturelle du XVIII<sup>e<\/sup> si\u00e8cle, concernant directement ou indirectement la Suisse. Nous souhaitons en particulier encourager les jeunes chercheurs et chercheuses en histoire, \u00e9tudes litt\u00e9raires, histoire de l&rsquo;art, philosophie et autres disciplines concern\u00e9es par la Suisse au si\u00e8cle des Lumi\u00e8res \u00e0 soumettre des propositions issues de leurs projets de recherche actuels.<\/p>\n<p>Les consignes \u00e9ditoriales en <a href=\"https:\/\/www.sgeaj.ch\/wp-content\/uploads\/2023\/01\/normes-editoriales-xviiich-02092019.pdf\" target=\"_blank\" rel=\"noopener\">fran\u00e7ais<\/a> et en <a href=\"https:\/\/www.sgeaj.ch\/wp-content\/uploads\/2023\/01\/norme-editoriali-xviiich.pdf\" target=\"_blank\" rel=\"noopener\">italien<\/a>.[\/vc_column_text][\/vc_column][vc_column width=\u00a0\u00bb1\/3&Prime;][vc_column_text]<strong>Si vous avez des questions, n&rsquo;h\u00e9sitez pas \u00e0 contacter la r\u00e9daction :<\/strong><\/p>\n<ul>\n<li><strong>Mail:<\/strong> info[at]xviii.ch<\/li>\n<li><strong>Verlag<\/strong>:\u00a0<a href=\"https:\/\/schwabe.ch\/produkttypen\/reihen\/xviii.ch\/\" target=\"_blank\" rel=\"noopener noreferrer\">Schwabe Verlag, Basel<\/a><\/li>\n<li><strong>Satz:<\/strong> Gabriel Dubois<\/li>\n<\/ul>\n<p>[\/vc_column_text][vc_column_text]<strong>Commission de r\u00e9daction :<br \/>\n<\/strong><\/p>\n<ul>\n<li>Dr. Andreas Berger (Universit\u00e4t Bern)<\/li>\n<li>Dr. Chonja Lee (Universit\u00e9 de Neuch\u00e2tel)<\/li>\n<li>Dr. Sylvie Moret Petrini (Universit\u00e9 de Lausanne)<\/li>\n<li>Dr. Adrien Paschoud (Universit\u00e9 de Neuch\u00e2tel)<\/li>\n<li>Dr. Samuel Weber (Universit\u00e4t Bern)<\/li>\n<\/ul>\n<p>[\/vc_column_text][\/vc_column][\/vc_row][vc_row][vc_column][vc_column_text]<\/p>\n<h2>Les num\u00e9ros de la revue<\/h2>\n<p>[\/vc_column_text][vc_basic_grid post_type=\u00a0\u00bbpost\u00a0\u00bb max_items=\u00a0\u00bb-1&Prime; element_width=\u00a0\u00bb3&Prime; item=\u00a0\u00bb5052&Prime; grid_id=\u00a0\u00bbvc_gid:1674477605290-3d1a011e5dc5b4bd7f21957a8e84de76-10&Prime; taxonomies=\u00a0\u00bb49&Prime;][\/vc_column][\/vc_row]<\/p>\n<\/div>","protected":false},"excerpt":{"rendered":"<p>[vc_row][vc_column width=\u00a0\u00bb2\/3&Prime;][vc_column_text] xviii.ch &#8211; Revue suisse d\u2019\u00e9tudes sur le XVIIIe si\u00e8cle\u00a0(anciennement Annales de la Soci\u00e9t\u00e9 suisse pour l\u2019\u00e9tude du XVIIIe\u00a0si\u00e8cle)\u00a0 para\u00eet une fois par an et est publi\u00e9 par la Soci\u00e9t\u00e9 suisse pour l&rsquo;\u00e9tude du XVIIIe si\u00e8cle aux \u00e9ditions Schwabe (B\u00e2le), avec le soutien financier de l&rsquo;Acad\u00e9mie suisse des sciences humaines et sociales (ASSH). La [&hellip;]<\/p>\n","protected":false},"author":2,"featured_media":5455,"parent":4971,"menu_order":0,"comment_status":"closed","ping_status":"closed","template":"","meta":{"footnotes":""},"class_list":["post-327","page","type-page","status-publish","has-post-thumbnail","czr-hentry"],"yoast_head":"<!-- This site is optimized with the Yoast SEO plugin v26.9 - https:\/\/yoast.com\/product\/yoast-seo-wordpress\/ -->\n<title>xviii.ch - Revue suisse d\u2019\u00e9tudes sur le XVIIIe si\u00e8cle - Schweizerische Gesellschaft f\u00fcr die Erforschung des 18. Jahrhunderts (SGEAJ - SSEDS)<\/title>\n<meta name=\"robots\" content=\"index, follow, max-snippet:-1, max-image-preview:large, max-video-preview:-1\" \/>\n<link rel=\"canonical\" href=\"https:\/\/www.sgeaj.ch\/fr\/publications\/xviii-ch\/\" \/>\n<meta name=\"twitter:label1\" content=\"Dur\u00e9e de lecture estim\u00e9e\" \/>\n\t<meta name=\"twitter:data1\" content=\"2 minutes\" \/>\n<script type=\"application\/ld+json\" class=\"yoast-schema-graph\">{\"@context\":\"https:\/\/schema.org\",\"@graph\":[{\"@type\":\"WebPage\",\"@id\":\"https:\/\/www.sgeaj.ch\/fr\/publications\/xviii-ch\/\",\"url\":\"https:\/\/www.sgeaj.ch\/fr\/publications\/xviii-ch\/\",\"name\":\"xviii.ch - Revue suisse d\u2019\u00e9tudes sur le XVIIIe si\u00e8cle - Schweizerische Gesellschaft f\u00fcr die Erforschung des 18. Jahrhunderts (SGEAJ - SSEDS)\",\"isPartOf\":{\"@id\":\"https:\/\/www.sgeaj.ch\/fr\/#website\"},\"primaryImageOfPage\":{\"@id\":\"https:\/\/www.sgeaj.ch\/fr\/publications\/xviii-ch\/#primaryimage\"},\"image\":{\"@id\":\"https:\/\/www.sgeaj.ch\/fr\/publications\/xviii-ch\/#primaryimage\"},\"thumbnailUrl\":\"https:\/\/www.sgeaj.ch\/wp-content\/uploads\/2021\/03\/0001-scaled.jpg\",\"datePublished\":\"2013-12-09T10:38:30+00:00\",\"dateModified\":\"2025-10-23T07:47:42+00:00\",\"breadcrumb\":{\"@id\":\"https:\/\/www.sgeaj.ch\/fr\/publications\/xviii-ch\/#breadcrumb\"},\"inLanguage\":\"fr-FR\",\"potentialAction\":[{\"@type\":\"ReadAction\",\"target\":[\"https:\/\/www.sgeaj.ch\/fr\/publications\/xviii-ch\/\"]}]},{\"@type\":\"ImageObject\",\"inLanguage\":\"fr-FR\",\"@id\":\"https:\/\/www.sgeaj.ch\/fr\/publications\/xviii-ch\/#primaryimage\",\"url\":\"https:\/\/www.sgeaj.ch\/wp-content\/uploads\/2021\/03\/0001-scaled.jpg\",\"contentUrl\":\"https:\/\/www.sgeaj.ch\/wp-content\/uploads\/2021\/03\/0001-scaled.jpg\",\"width\":1769,\"height\":2560},{\"@type\":\"BreadcrumbList\",\"@id\":\"https:\/\/www.sgeaj.ch\/fr\/publications\/xviii-ch\/#breadcrumb\",\"itemListElement\":[{\"@type\":\"ListItem\",\"position\":1,\"name\":\"Publications\",\"item\":\"https:\/\/www.sgeaj.ch\/fr\/publications\/\"},{\"@type\":\"ListItem\",\"position\":2,\"name\":\"xviii.ch &#8211; Revue suisse d\u2019\u00e9tudes sur le XVIIIe si\u00e8cle\"}]},{\"@type\":\"WebSite\",\"@id\":\"https:\/\/www.sgeaj.ch\/fr\/#website\",\"url\":\"https:\/\/www.sgeaj.ch\/fr\/\",\"name\":\"Schweizerische Gesellschaft f\u00fcr die Erforschung des 18. Jahrhunderts (SGEAJ - SSEDS)\",\"description\":\"Schweizerische Gesellschaft f\u00fcr die Erforschung des 18. Jahrhunderts\",\"publisher\":{\"@id\":\"https:\/\/www.sgeaj.ch\/fr\/#organization\"},\"potentialAction\":[{\"@type\":\"SearchAction\",\"target\":{\"@type\":\"EntryPoint\",\"urlTemplate\":\"https:\/\/www.sgeaj.ch\/fr\/?s={search_term_string}\"},\"query-input\":{\"@type\":\"PropertyValueSpecification\",\"valueRequired\":true,\"valueName\":\"search_term_string\"}}],\"inLanguage\":\"fr-FR\"},{\"@type\":\"Organization\",\"@id\":\"https:\/\/www.sgeaj.ch\/fr\/#organization\",\"name\":\"Schweizerische Gesellschaft f\u00fcr die Erforschung des 18. Jahrhunderts (SGEAJ - SSEDS)\",\"url\":\"https:\/\/www.sgeaj.ch\/fr\/\",\"logo\":{\"@type\":\"ImageObject\",\"inLanguage\":\"fr-FR\",\"@id\":\"https:\/\/www.sgeaj.ch\/fr\/#\/schema\/logo\/image\/\",\"url\":\"https:\/\/www.sgeaj.ch\/wp-content\/uploads\/2021\/06\/cropped-logo-xviiies-horiz-abreuviations-bleues.png\",\"contentUrl\":\"https:\/\/www.sgeaj.ch\/wp-content\/uploads\/2021\/06\/cropped-logo-xviiies-horiz-abreuviations-bleues.png\",\"width\":659,\"height\":335,\"caption\":\"Schweizerische Gesellschaft f\u00fcr die Erforschung des 18. Jahrhunderts (SGEAJ - SSEDS)\"},\"image\":{\"@id\":\"https:\/\/www.sgeaj.ch\/fr\/#\/schema\/logo\/image\/\"}}]}<\/script>\n<!-- \/ Yoast SEO plugin. -->","yoast_head_json":{"title":"xviii.ch - Revue suisse d\u2019\u00e9tudes sur le XVIIIe si\u00e8cle - Schweizerische Gesellschaft f\u00fcr die Erforschung des 18. Jahrhunderts (SGEAJ - SSEDS)","robots":{"index":"index","follow":"follow","max-snippet":"max-snippet:-1","max-image-preview":"max-image-preview:large","max-video-preview":"max-video-preview:-1"},"canonical":"https:\/\/www.sgeaj.ch\/fr\/publications\/xviii-ch\/","twitter_misc":{"Dur\u00e9e de lecture estim\u00e9e":"2 minutes"},"schema":{"@context":"https:\/\/schema.org","@graph":[{"@type":"WebPage","@id":"https:\/\/www.sgeaj.ch\/fr\/publications\/xviii-ch\/","url":"https:\/\/www.sgeaj.ch\/fr\/publications\/xviii-ch\/","name":"xviii.ch - Revue suisse d\u2019\u00e9tudes sur le XVIIIe si\u00e8cle - Schweizerische Gesellschaft f\u00fcr die Erforschung des 18. Jahrhunderts (SGEAJ - SSEDS)","isPartOf":{"@id":"https:\/\/www.sgeaj.ch\/fr\/#website"},"primaryImageOfPage":{"@id":"https:\/\/www.sgeaj.ch\/fr\/publications\/xviii-ch\/#primaryimage"},"image":{"@id":"https:\/\/www.sgeaj.ch\/fr\/publications\/xviii-ch\/#primaryimage"},"thumbnailUrl":"https:\/\/www.sgeaj.ch\/wp-content\/uploads\/2021\/03\/0001-scaled.jpg","datePublished":"2013-12-09T10:38:30+00:00","dateModified":"2025-10-23T07:47:42+00:00","breadcrumb":{"@id":"https:\/\/www.sgeaj.ch\/fr\/publications\/xviii-ch\/#breadcrumb"},"inLanguage":"fr-FR","potentialAction":[{"@type":"ReadAction","target":["https:\/\/www.sgeaj.ch\/fr\/publications\/xviii-ch\/"]}]},{"@type":"ImageObject","inLanguage":"fr-FR","@id":"https:\/\/www.sgeaj.ch\/fr\/publications\/xviii-ch\/#primaryimage","url":"https:\/\/www.sgeaj.ch\/wp-content\/uploads\/2021\/03\/0001-scaled.jpg","contentUrl":"https:\/\/www.sgeaj.ch\/wp-content\/uploads\/2021\/03\/0001-scaled.jpg","width":1769,"height":2560},{"@type":"BreadcrumbList","@id":"https:\/\/www.sgeaj.ch\/fr\/publications\/xviii-ch\/#breadcrumb","itemListElement":[{"@type":"ListItem","position":1,"name":"Publications","item":"https:\/\/www.sgeaj.ch\/fr\/publications\/"},{"@type":"ListItem","position":2,"name":"xviii.ch &#8211; Revue suisse d\u2019\u00e9tudes sur le XVIIIe si\u00e8cle"}]},{"@type":"WebSite","@id":"https:\/\/www.sgeaj.ch\/fr\/#website","url":"https:\/\/www.sgeaj.ch\/fr\/","name":"Schweizerische Gesellschaft f\u00fcr die Erforschung des 18. Jahrhunderts (SGEAJ - SSEDS)","description":"Schweizerische Gesellschaft f\u00fcr die Erforschung des 18. Jahrhunderts","publisher":{"@id":"https:\/\/www.sgeaj.ch\/fr\/#organization"},"potentialAction":[{"@type":"SearchAction","target":{"@type":"EntryPoint","urlTemplate":"https:\/\/www.sgeaj.ch\/fr\/?s={search_term_string}"},"query-input":{"@type":"PropertyValueSpecification","valueRequired":true,"valueName":"search_term_string"}}],"inLanguage":"fr-FR"},{"@type":"Organization","@id":"https:\/\/www.sgeaj.ch\/fr\/#organization","name":"Schweizerische Gesellschaft f\u00fcr die Erforschung des 18. Jahrhunderts (SGEAJ - SSEDS)","url":"https:\/\/www.sgeaj.ch\/fr\/","logo":{"@type":"ImageObject","inLanguage":"fr-FR","@id":"https:\/\/www.sgeaj.ch\/fr\/#\/schema\/logo\/image\/","url":"https:\/\/www.sgeaj.ch\/wp-content\/uploads\/2021\/06\/cropped-logo-xviiies-horiz-abreuviations-bleues.png","contentUrl":"https:\/\/www.sgeaj.ch\/wp-content\/uploads\/2021\/06\/cropped-logo-xviiies-horiz-abreuviations-bleues.png","width":659,"height":335,"caption":"Schweizerische Gesellschaft f\u00fcr die Erforschung des 18. Jahrhunderts (SGEAJ - SSEDS)"},"image":{"@id":"https:\/\/www.sgeaj.ch\/fr\/#\/schema\/logo\/image\/"}}]}},"_links":{"self":[{"href":"https:\/\/www.sgeaj.ch\/fr\/wp-json\/wp\/v2\/pages\/327","targetHints":{"allow":["GET"]}}],"collection":[{"href":"https:\/\/www.sgeaj.ch\/fr\/wp-json\/wp\/v2\/pages"}],"about":[{"href":"https:\/\/www.sgeaj.ch\/fr\/wp-json\/wp\/v2\/types\/page"}],"author":[{"embeddable":true,"href":"https:\/\/www.sgeaj.ch\/fr\/wp-json\/wp\/v2\/users\/2"}],"replies":[{"embeddable":true,"href":"https:\/\/www.sgeaj.ch\/fr\/wp-json\/wp\/v2\/comments?post=327"}],"version-history":[{"count":117,"href":"https:\/\/www.sgeaj.ch\/fr\/wp-json\/wp\/v2\/pages\/327\/revisions"}],"predecessor-version":[{"id":8181,"href":"https:\/\/www.sgeaj.ch\/fr\/wp-json\/wp\/v2\/pages\/327\/revisions\/8181"}],"up":[{"embeddable":true,"href":"https:\/\/www.sgeaj.ch\/fr\/wp-json\/wp\/v2\/pages\/4971"}],"wp:featuredmedia":[{"embeddable":true,"href":"https:\/\/www.sgeaj.ch\/fr\/wp-json\/wp\/v2\/media\/5455"}],"wp:attachment":[{"href":"https:\/\/www.sgeaj.ch\/fr\/wp-json\/wp\/v2\/media?parent=327"}],"curies":[{"name":"wp","href":"https:\/\/api.w.org\/{rel}","templated":true}]}}