{"id":4971,"date":"2021-03-10T23:43:55","date_gmt":"2021-03-10T22:43:55","guid":{"rendered":"https:\/\/www.sgeaj.ch\/publications\/"},"modified":"2021-04-24T17:15:46","modified_gmt":"2021-04-24T15:15:46","slug":"publications","status":"publish","type":"page","link":"https:\/\/www.sgeaj.ch\/fr\/publications\/","title":{"rendered":"Publications"},"content":{"rendered":"<div class=\"wpb-content-wrapper\"><p>[vc_row][vc_column][vc_column_text]<\/p>\n<p>La Soci\u00e9t\u00e9 suisse pour l\u2019\u00e9tude du XVIII<sup>e<\/sup> si\u00e8cle (SSEDS) soutient et promeut la recherche relative \u00e0 la culture suisse des Lumi\u00e8res. Sous son \u00e9gide paraissent la revue <em>xviii.ch<\/em> et les volumes de la collection <em>Travaux sur la Suisse des Lumi\u00e8res<\/em>.<\/p>\n<p>[\/vc_column_text][\/vc_column][\/vc_row][vc_row][vc_column css_animation=\u00a0\u00bbfadeInLeft\u00a0\u00bb width=\u00a0\u00bb1\/4&Prime;][vc_empty_space height=\u00a0\u00bb40px\u00a0\u00bb][vc_single_image image=\u00a0\u00bb3971&Prime; img_size=\u00a0\u00bbmedium\u00a0\u00bb style=\u00a0\u00bbvc_box_outline_circle_2&Prime; onclick=\u00a0\u00bbcustom_link\u00a0\u00bb css_animation=\u00a0\u00bbnone\u00a0\u00bb link=\u00a0\u00bbhttps:\/\/www.sgeaj.ch\/fr\/publications\/xviii-ch\/\u00a0\u00bb][\/vc_column][vc_column css_animation=\u00a0\u00bbfadeInRight\u00a0\u00bb width=\u00a0\u00bb3\/4&Prime;][vc_column_text css_animation=\u00a0\u00bbnone\u00a0\u00bb]<\/p>\n<h3 class=\"entry-title\">xviii.ch \u2013 Revue suisse d\u2019\u00e9tudes sur le XVIIIe si\u00e8cle<\/h3>\n<p>xviii.ch offre la possibilit\u00e9 de publier des articles scientifiques originaux ou des \u00e9ditions de sources portant sur tous les aspects de l\u2019histoire intellectuelle, sociale et culturelle du XVIII<sup>e<\/sup> si\u00e8cle, concernant directement ou indirectement la Suisse.<em><br \/>\n<\/em>[\/vc_column_text][vc_btn title=\u00a0\u00bbPlus d&rsquo;infos\u00a0\u00bb style=\u00a0\u00bbclassic\u00a0\u00bb color=\u00a0\u00bbblue\u00a0\u00bb link=\u00a0\u00bburl:https%3A%2F%2Fwww.sgeaj.ch%2Ffr%2Fpublications%2Fxviii-ch%2F|title:xviii.ch%20%E2%80%93%20Revue%20suisse%20d%E2%80%99%C3%A9tudes%20sur%20le%20XVIIIe%20si%C3%A8cle\u00a0\u00bb][\/vc_column][\/vc_row][vc_row][vc_column css_animation=\u00a0\u00bbfadeInLeft\u00a0\u00bb width=\u00a0\u00bb1\/4&Prime;][vc_empty_space height=\u00a0\u00bb40px\u00a0\u00bb][vc_single_image image=\u00a0\u00bb4445&Prime; img_size=\u00a0\u00bbmedium\u00a0\u00bb style=\u00a0\u00bbvc_box_outline_circle_2&Prime; onclick=\u00a0\u00bbcustom_link\u00a0\u00bb css_animation=\u00a0\u00bbnone\u00a0\u00bb link=\u00a0\u00bbhttps:\/\/www.sgeaj.ch\/fr\/publications\/travaux-sur-la-suisse-des-lumieres\/critiques-et-essais\/\u00a0\u00bb][\/vc_column][vc_column css_animation=\u00a0\u00bbfadeInRight\u00a0\u00bb width=\u00a0\u00bb3\/4&Prime;][vc_column_text css_animation=\u00a0\u00bbnone\u00a0\u00bb]<\/p>\n<h3>Travaux sur la Suisse des Lumi\u00e8res \u2013 Critiques et essais<\/h3>\n<p>Avec la cr\u00e9ation de cette s\u00e9rie, la Soci\u00e9t\u00e9 suisse pour l\u2019\u00e9tude du XVIIIe si\u00e8cle cr\u00e9e son nouveau vaisseau pour les publications sur la Suisse au si\u00e8cle des Lumi\u00e8res. Il est pr\u00e9vu de publier des ouvrages de diff\u00e9rents types (monographies, anthologies, instruments de travail, etc.) \u00e0 intervalles irr\u00e9guliers.[\/vc_column_text][vc_btn title=\u00a0\u00bbPlus d&rsquo;infos\u00a0\u00bb style=\u00a0\u00bbclassic\u00a0\u00bb color=\u00a0\u00bbblue\u00a0\u00bb link=\u00a0\u00bburl:https%3A%2F%2Fwww.sgeaj.ch%2Ffr%2Fpublications%2Ftravaux-sur-la-suisse-des-lumieres%2Fcritiques-et-essais%2F|title:Travaux%20sur%20la%20Suisse%20des%20Lumi%C3%A8res%20%E2%80%93%20Critiques%20et%20essais\u00a0\u00bb][\/vc_column][\/vc_row][vc_row][vc_column css_animation=\u00a0\u00bbfadeInLeft\u00a0\u00bb width=\u00a0\u00bb1\/4&Prime;][vc_empty_space height=\u00a0\u00bb40px\u00a0\u00bb][vc_single_image image=\u00a0\u00bb2903&Prime; img_size=\u00a0\u00bbmedium\u00a0\u00bb style=\u00a0\u00bbvc_box_outline_circle_2&Prime; onclick=\u00a0\u00bbcustom_link\u00a0\u00bb css_animation=\u00a0\u00bbnone\u00a0\u00bb link=\u00a0\u00bbhttps:\/\/www.sgeaj.ch\/fr\/publications\/travaux-sur-la-suisse-des-lumieres\/editions-textes\/\u00a0\u00bb][\/vc_column][vc_column css_animation=\u00a0\u00bbfadeInRight\u00a0\u00bb width=\u00a0\u00bb3\/4&Prime;][vc_column_text css_animation=\u00a0\u00bbnone\u00a0\u00bb]<\/p>\n<h3 class=\"entry-title\">Travaux sur la Suisse des Lumi\u00e8res \u2013 Editions de textes<\/h3>\n<p>Avec la cr\u00e9ation de cette s\u00e9rie, la Soci\u00e9t\u00e9 suisse pour l\u2019\u00e9tude du XVIIIe si\u00e8cle cr\u00e9e son nouveau vaisseau pour les publications sur la Suisse au si\u00e8cle des Lumi\u00e8res. Il est pr\u00e9vu de publier les textes sources \u00e0 intervalles irr\u00e9guliers.[\/vc_column_text][vc_btn title=\u00a0\u00bbPlus d&rsquo;infos\u00a0\u00bb style=\u00a0\u00bbclassic\u00a0\u00bb color=\u00a0\u00bbblue\u00a0\u00bb link=\u00a0\u00bburl:https%3A%2F%2Fwww.sgeaj.ch%2Ffr%2Fpublications%2Ftravaux-sur-la-suisse-des-lumieres%2Feditions-textes%2F|title:Travaux%20sur%20la%20Suisse%20des%20Lumi%C3%A8res%20%E2%80%93%20Editions%20de%20textes\u00a0\u00bb][\/vc_column][\/vc_row][vc_row][vc_column css_animation=\u00a0\u00bbfadeInLeft\u00a0\u00bb width=\u00a0\u00bb1\/4&Prime;][vc_empty_space height=\u00a0\u00bb40px\u00a0\u00bb][vc_single_image image=\u00a0\u00bb3445&Prime; img_size=\u00a0\u00bbmedium\u00a0\u00bb style=\u00a0\u00bbvc_box_outline_circle_2&Prime; onclick=\u00a0\u00bbcustom_link\u00a0\u00bb css_animation=\u00a0\u00bbnone\u00a0\u00bb link=\u00a0\u00bbhttps:\/\/www.sgeaj.ch\/fr\/publications\/bulletins-1992-2010\/\u00a0\u00bb][\/vc_column][vc_column css_animation=\u00a0\u00bbfadeInRight\u00a0\u00bb width=\u00a0\u00bb3\/4&Prime;][vc_column_text css_animation=\u00a0\u00bbnone\u00a0\u00bb]<\/p>\n<h3 class=\"entry-title\">Bulletins 1992-2010<\/h3>\n<p>Les bulletins de la SSEDS, parus entre 1992 et 2010, donnent un bel aper\u00e7u de la recherche dix-huiti\u00e8miste suisse pendant ces deux d\u00e9cennies.[\/vc_column_text][vc_btn title=\u00a0\u00bbPlus d&rsquo;infos\u00a0\u00bb style=\u00a0\u00bbclassic\u00a0\u00bb color=\u00a0\u00bbblue\u00a0\u00bb link=\u00a0\u00bburl:https%3A%2F%2Fwww.sgeaj.ch%2Ffr%2Fpublications%2Fbulletins-1992-2010%2F|title:Bulletins%201992-2010&Prime;][\/vc_column][\/vc_row][vc_row][vc_column][\/vc_column][\/vc_row][vc_row][vc_column][vc_column_text]<!-- \/wp:post-content -->[\/vc_column_text][\/vc_column][\/vc_row]<\/p>\n<\/div>","protected":false},"excerpt":{"rendered":"<p>Sous l&rsquo;\u00e9gide de la Soci\u00e9t\u00e9 suisse pour l\u2019\u00e9tude du XVIIIe si\u00e8cle (SSEDS) paraissent la revue xviii.ch et les volumes de la collection Travaux sur la Suisse des Lumi\u00e8res.<\/p>\n","protected":false},"author":3,"featured_media":5629,"parent":0,"menu_order":4,"comment_status":"closed","ping_status":"closed","template":"","meta":{"footnotes":""},"class_list":["post-4971","page","type-page","status-publish","has-post-thumbnail","czr-hentry"],"yoast_head":"<!-- This site is optimized with the Yoast SEO plugin v26.9 - https:\/\/yoast.com\/product\/yoast-seo-wordpress\/ -->\n<title>Publications - Schweizerische Gesellschaft f\u00fcr die Erforschung des 18. Jahrhunderts (SGEAJ - SSEDS)<\/title>\n<meta name=\"robots\" content=\"index, follow, max-snippet:-1, max-image-preview:large, max-video-preview:-1\" \/>\n<link rel=\"canonical\" href=\"https:\/\/www.sgeaj.ch\/fr\/publications\/\" \/>\n<meta name=\"twitter:label1\" content=\"Dur\u00e9e de lecture estim\u00e9e\" \/>\n\t<meta name=\"twitter:data1\" content=\"1 minute\" \/>\n<script type=\"application\/ld+json\" class=\"yoast-schema-graph\">{\"@context\":\"https:\/\/schema.org\",\"@graph\":[{\"@type\":\"WebPage\",\"@id\":\"https:\/\/www.sgeaj.ch\/fr\/publications\/\",\"url\":\"https:\/\/www.sgeaj.ch\/fr\/publications\/\",\"name\":\"Publications - Schweizerische Gesellschaft f\u00fcr die Erforschung des 18. Jahrhunderts (SGEAJ - SSEDS)\",\"isPartOf\":{\"@id\":\"https:\/\/www.sgeaj.ch\/fr\/#website\"},\"primaryImageOfPage\":{\"@id\":\"https:\/\/www.sgeaj.ch\/fr\/publications\/#primaryimage\"},\"image\":{\"@id\":\"https:\/\/www.sgeaj.ch\/fr\/publications\/#primaryimage\"},\"thumbnailUrl\":\"https:\/\/www.sgeaj.ch\/wp-content\/uploads\/2021\/03\/automates-jaquet-droz-p1030493.jpg\",\"datePublished\":\"2021-03-10T22:43:55+00:00\",\"dateModified\":\"2021-04-24T15:15:46+00:00\",\"inLanguage\":\"fr-FR\",\"potentialAction\":[{\"@type\":\"ReadAction\",\"target\":[\"https:\/\/www.sgeaj.ch\/fr\/publications\/\"]}]},{\"@type\":\"ImageObject\",\"inLanguage\":\"fr-FR\",\"@id\":\"https:\/\/www.sgeaj.ch\/fr\/publications\/#primaryimage\",\"url\":\"https:\/\/www.sgeaj.ch\/wp-content\/uploads\/2021\/03\/automates-jaquet-droz-p1030493.jpg\",\"contentUrl\":\"https:\/\/www.sgeaj.ch\/wp-content\/uploads\/2021\/03\/automates-jaquet-droz-p1030493.jpg\",\"width\":2055,\"height\":1905},{\"@type\":\"WebSite\",\"@id\":\"https:\/\/www.sgeaj.ch\/fr\/#website\",\"url\":\"https:\/\/www.sgeaj.ch\/fr\/\",\"name\":\"Schweizerische Gesellschaft f\u00fcr die Erforschung des 18. Jahrhunderts (SGEAJ - SSEDS)\",\"description\":\"Schweizerische Gesellschaft f\u00fcr die Erforschung des 18. Jahrhunderts\",\"publisher\":{\"@id\":\"https:\/\/www.sgeaj.ch\/fr\/#organization\"},\"potentialAction\":[{\"@type\":\"SearchAction\",\"target\":{\"@type\":\"EntryPoint\",\"urlTemplate\":\"https:\/\/www.sgeaj.ch\/fr\/?s={search_term_string}\"},\"query-input\":{\"@type\":\"PropertyValueSpecification\",\"valueRequired\":true,\"valueName\":\"search_term_string\"}}],\"inLanguage\":\"fr-FR\"},{\"@type\":\"Organization\",\"@id\":\"https:\/\/www.sgeaj.ch\/fr\/#organization\",\"name\":\"Schweizerische Gesellschaft f\u00fcr die Erforschung des 18. Jahrhunderts (SGEAJ - SSEDS)\",\"url\":\"https:\/\/www.sgeaj.ch\/fr\/\",\"logo\":{\"@type\":\"ImageObject\",\"inLanguage\":\"fr-FR\",\"@id\":\"https:\/\/www.sgeaj.ch\/fr\/#\/schema\/logo\/image\/\",\"url\":\"https:\/\/www.sgeaj.ch\/wp-content\/uploads\/2021\/06\/cropped-logo-xviiies-horiz-abreuviations-bleues.png\",\"contentUrl\":\"https:\/\/www.sgeaj.ch\/wp-content\/uploads\/2021\/06\/cropped-logo-xviiies-horiz-abreuviations-bleues.png\",\"width\":659,\"height\":335,\"caption\":\"Schweizerische Gesellschaft f\u00fcr die Erforschung des 18. Jahrhunderts (SGEAJ - SSEDS)\"},\"image\":{\"@id\":\"https:\/\/www.sgeaj.ch\/fr\/#\/schema\/logo\/image\/\"}}]}<\/script>\n<!-- \/ Yoast SEO plugin. -->","yoast_head_json":{"title":"Publications - Schweizerische Gesellschaft f\u00fcr die Erforschung des 18. Jahrhunderts (SGEAJ - SSEDS)","robots":{"index":"index","follow":"follow","max-snippet":"max-snippet:-1","max-image-preview":"max-image-preview:large","max-video-preview":"max-video-preview:-1"},"canonical":"https:\/\/www.sgeaj.ch\/fr\/publications\/","twitter_misc":{"Dur\u00e9e de lecture estim\u00e9e":"1 minute"},"schema":{"@context":"https:\/\/schema.org","@graph":[{"@type":"WebPage","@id":"https:\/\/www.sgeaj.ch\/fr\/publications\/","url":"https:\/\/www.sgeaj.ch\/fr\/publications\/","name":"Publications - Schweizerische Gesellschaft f\u00fcr die Erforschung des 18. Jahrhunderts (SGEAJ - SSEDS)","isPartOf":{"@id":"https:\/\/www.sgeaj.ch\/fr\/#website"},"primaryImageOfPage":{"@id":"https:\/\/www.sgeaj.ch\/fr\/publications\/#primaryimage"},"image":{"@id":"https:\/\/www.sgeaj.ch\/fr\/publications\/#primaryimage"},"thumbnailUrl":"https:\/\/www.sgeaj.ch\/wp-content\/uploads\/2021\/03\/automates-jaquet-droz-p1030493.jpg","datePublished":"2021-03-10T22:43:55+00:00","dateModified":"2021-04-24T15:15:46+00:00","inLanguage":"fr-FR","potentialAction":[{"@type":"ReadAction","target":["https:\/\/www.sgeaj.ch\/fr\/publications\/"]}]},{"@type":"ImageObject","inLanguage":"fr-FR","@id":"https:\/\/www.sgeaj.ch\/fr\/publications\/#primaryimage","url":"https:\/\/www.sgeaj.ch\/wp-content\/uploads\/2021\/03\/automates-jaquet-droz-p1030493.jpg","contentUrl":"https:\/\/www.sgeaj.ch\/wp-content\/uploads\/2021\/03\/automates-jaquet-droz-p1030493.jpg","width":2055,"height":1905},{"@type":"WebSite","@id":"https:\/\/www.sgeaj.ch\/fr\/#website","url":"https:\/\/www.sgeaj.ch\/fr\/","name":"Schweizerische Gesellschaft f\u00fcr die Erforschung des 18. Jahrhunderts (SGEAJ - SSEDS)","description":"Schweizerische Gesellschaft f\u00fcr die Erforschung des 18. Jahrhunderts","publisher":{"@id":"https:\/\/www.sgeaj.ch\/fr\/#organization"},"potentialAction":[{"@type":"SearchAction","target":{"@type":"EntryPoint","urlTemplate":"https:\/\/www.sgeaj.ch\/fr\/?s={search_term_string}"},"query-input":{"@type":"PropertyValueSpecification","valueRequired":true,"valueName":"search_term_string"}}],"inLanguage":"fr-FR"},{"@type":"Organization","@id":"https:\/\/www.sgeaj.ch\/fr\/#organization","name":"Schweizerische Gesellschaft f\u00fcr die Erforschung des 18. Jahrhunderts (SGEAJ - SSEDS)","url":"https:\/\/www.sgeaj.ch\/fr\/","logo":{"@type":"ImageObject","inLanguage":"fr-FR","@id":"https:\/\/www.sgeaj.ch\/fr\/#\/schema\/logo\/image\/","url":"https:\/\/www.sgeaj.ch\/wp-content\/uploads\/2021\/06\/cropped-logo-xviiies-horiz-abreuviations-bleues.png","contentUrl":"https:\/\/www.sgeaj.ch\/wp-content\/uploads\/2021\/06\/cropped-logo-xviiies-horiz-abreuviations-bleues.png","width":659,"height":335,"caption":"Schweizerische Gesellschaft f\u00fcr die Erforschung des 18. Jahrhunderts (SGEAJ - SSEDS)"},"image":{"@id":"https:\/\/www.sgeaj.ch\/fr\/#\/schema\/logo\/image\/"}}]}},"_links":{"self":[{"href":"https:\/\/www.sgeaj.ch\/fr\/wp-json\/wp\/v2\/pages\/4971","targetHints":{"allow":["GET"]}}],"collection":[{"href":"https:\/\/www.sgeaj.ch\/fr\/wp-json\/wp\/v2\/pages"}],"about":[{"href":"https:\/\/www.sgeaj.ch\/fr\/wp-json\/wp\/v2\/types\/page"}],"author":[{"embeddable":true,"href":"https:\/\/www.sgeaj.ch\/fr\/wp-json\/wp\/v2\/users\/3"}],"replies":[{"embeddable":true,"href":"https:\/\/www.sgeaj.ch\/fr\/wp-json\/wp\/v2\/comments?post=4971"}],"version-history":[{"count":14,"href":"https:\/\/www.sgeaj.ch\/fr\/wp-json\/wp\/v2\/pages\/4971\/revisions"}],"predecessor-version":[{"id":6363,"href":"https:\/\/www.sgeaj.ch\/fr\/wp-json\/wp\/v2\/pages\/4971\/revisions\/6363"}],"wp:featuredmedia":[{"embeddable":true,"href":"https:\/\/www.sgeaj.ch\/fr\/wp-json\/wp\/v2\/media\/5629"}],"wp:attachment":[{"href":"https:\/\/www.sgeaj.ch\/fr\/wp-json\/wp\/v2\/media?parent=4971"}],"curies":[{"name":"wp","href":"https:\/\/api.w.org\/{rel}","templated":true}]}}