{"id":55,"date":"2013-08-21T08:57:37","date_gmt":"2013-08-21T06:57:37","guid":{"rendered":"https:\/\/www.sgeaj.ch\/?page_id=55"},"modified":"2024-04-20T14:13:18","modified_gmt":"2024-04-20T12:13:18","slug":"affiliation","status":"publish","type":"page","link":"https:\/\/www.sgeaj.ch\/fr\/sseds\/affiliation\/","title":{"rendered":"Contact &#038; adh\u00e9sion"},"content":{"rendered":"<div class=\"wpb-content-wrapper\">[vc_row][vc_column][vc_column_text]\r\n<p style=\"text-align: justify;\">Les membres de la Soci\u00e9t\u00e9 suisse pour l&rsquo;\u00e9tude du XVIIIe si\u00e8cle re\u00e7oivent gratuitement les exemplaires de la revue annuelle <a href=\"https:\/\/www.sgeaj.ch\/fr\/publications\/xviii-ch\/\" rel=\"noopener\">xviii.ch<\/a> et sont invit\u00e9s \u00e0 participer aux Assembl\u00e9es g\u00e9n\u00e9rales, ainsi qu&rsquo;aux diverses manifestations organis\u00e9es par la Soci\u00e9t\u00e9 (colloques, visites, etc.). Ils profitent \u00e9galement d&rsquo;un rabais de 35 % sur les volumes de la collection <a href=\"https:\/\/www.sgeaj.ch\/fr\/publications\/travaux-sur-la-suisse-des-lumieres\/\" rel=\"noopener\">Travaux<em> sur la Suisse des<\/em> Lumi\u00e8res<\/a>. Les membres de la SSEDS appartiennent d&rsquo;office \u00e0 la Soci\u00e9t\u00e9 internationale d&rsquo;\u00e9tude du XVIIIe si\u00e8cle (<a title=\"SIEDS\" href=\"https:\/\/www.sgeaj.ch\/fr\/societe-suisse-pour-letude-du-xviiieme-siecle\/sieds\/\">SIEDS<\/a>).<\/p>\r\n<p style=\"text-align: justify;\">La cotisation annuelle est de CHF 50.- (CHF 25.- pour les \u00e9tudiants).<\/p>\r\n<p style=\"text-align: justify;\">Pour devenir membre de la SSEDS, annoncer un changement d&rsquo;adresse ou nous contacter pour toute autre information, nous \u00e9crire \u00e0 l&rsquo;adresse ci-dessous ou remplir le formulaire en ligne ci-dessous.<\/p>\r\n<p style=\"text-align: justify;\">N&rsquo;h\u00e9sitez pas \u00e0 nous contacter pour nous annoncer un \u00e9v\u00e9nement, une exposition ou une publication en lien avec le XVIIIe helv\u00e9tique! Nous nous ferons un plaisir de l&rsquo;annoncer sur notre site.<\/p>\r\n[\/vc_column_text][\/vc_column][\/vc_row][vc_row][vc_column width=\u00a0\u00bb3\/4&Prime;][vc_column_text]\r\n<h3>Formulaire de contact et d&rsquo;adh\u00e9sion<\/h3>\r\n\n<div class=\"wpcf7 no-js\" id=\"wpcf7-f1642-o1\" lang=\"fr-FR\" dir=\"ltr\" data-wpcf7-id=\"1642\">\n<div class=\"screen-reader-response\"><p role=\"status\" aria-live=\"polite\" aria-atomic=\"true\"><\/p> <ul><\/ul><\/div>\n<form action=\"\/fr\/wp-json\/wp\/v2\/pages\/55#wpcf7-f1642-o1\" method=\"post\" class=\"wpcf7-form init\" aria-label=\"Formulaire de contact\" enctype=\"multipart\/form-data\" novalidate=\"novalidate\" data-status=\"init\">\n<fieldset class=\"hidden-fields-container\"><input type=\"hidden\" name=\"_wpcf7\" value=\"1642\" \/><input type=\"hidden\" name=\"_wpcf7_version\" value=\"6.1.5\" \/><input type=\"hidden\" name=\"_wpcf7_locale\" value=\"fr_FR\" \/><input type=\"hidden\" name=\"_wpcf7_unit_tag\" value=\"wpcf7-f1642-o1\" \/><input type=\"hidden\" name=\"_wpcf7_container_post\" value=\"0\" \/><input type=\"hidden\" name=\"_wpcf7_posted_data_hash\" value=\"\" \/>\n<\/fieldset>\n<p>Sujet *<br \/>\n<span class=\"wpcf7-form-control-wrap\" data-name=\"Sujet\"><span class=\"wpcf7-form-control wpcf7-radio\"><span class=\"wpcf7-list-item first\"><label><input type=\"radio\" name=\"Sujet\" value=\"Adh\u00e9sion (CHF 50.-)\" \/><span class=\"wpcf7-list-item-label\">Adh\u00e9sion (CHF 50.-)<\/span><\/label><\/span><span class=\"wpcf7-list-item\"><label><input type=\"radio\" name=\"Sujet\" value=\"Adh\u00e9sion \u00e9tudiant.e (CHF 25.-)\" \/><span class=\"wpcf7-list-item-label\">Adh\u00e9sion \u00e9tudiant.e (CHF 25.-)<\/span><\/label><\/span><span class=\"wpcf7-list-item last\"><label><input type=\"radio\" name=\"Sujet\" value=\"Demande d&#039;informations ou annonce\" \/><span class=\"wpcf7-list-item-label\">Demande d&#039;informations ou annonce<\/span><\/label><\/span><\/span><\/span>\n<\/p>\n<p>Pr\u00e9nom, Nom *<br \/>\n<span class=\"wpcf7-form-control-wrap\" data-name=\"nom-prenom\"><input size=\"40\" maxlength=\"400\" class=\"wpcf7-form-control wpcf7-text wpcf7-validates-as-required\" aria-required=\"true\" aria-invalid=\"false\" value=\"\" type=\"text\" name=\"nom-prenom\" \/><\/span>\n<\/p>\n<p>Courriel *<br \/>\n<span class=\"wpcf7-form-control-wrap\" data-name=\"email\"><input size=\"40\" maxlength=\"400\" class=\"wpcf7-form-control wpcf7-email wpcf7-validates-as-required wpcf7-text wpcf7-validates-as-email\" aria-required=\"true\" aria-invalid=\"false\" value=\"\" type=\"email\" name=\"email\" \/><\/span>\n<\/p>\n<p>Institution *<br \/>\n<span class=\"wpcf7-form-control-wrap\" data-name=\"institution\"><input size=\"40\" maxlength=\"400\" class=\"wpcf7-form-control wpcf7-text wpcf7-validates-as-required\" aria-required=\"true\" aria-invalid=\"false\" value=\"\" type=\"text\" name=\"institution\" \/><\/span>\n<\/p>\n<p>Rue, N\u00b0*<br \/>\n<span class=\"wpcf7-form-control-wrap\" data-name=\"rue\"><input size=\"40\" maxlength=\"400\" class=\"wpcf7-form-control wpcf7-text wpcf7-validates-as-required\" aria-required=\"true\" aria-invalid=\"false\" value=\"\" type=\"text\" name=\"rue\" \/><\/span>\n<\/p>\n<p>NPA, Lieu *<br \/>\n<span class=\"wpcf7-form-control-wrap\" data-name=\"lieu\"><input size=\"40\" maxlength=\"400\" class=\"wpcf7-form-control wpcf7-text wpcf7-validates-as-required\" aria-required=\"true\" aria-invalid=\"false\" value=\"\" type=\"text\" name=\"lieu\" \/><\/span>\n<\/p>\n<p>T\u00e9l\u00e9phone *<br \/>\n<span class=\"wpcf7-form-control-wrap\" data-name=\"telephone\"><input size=\"40\" maxlength=\"400\" class=\"wpcf7-form-control wpcf7-text wpcf7-validates-as-required\" aria-required=\"true\" aria-invalid=\"false\" value=\"\" type=\"text\" name=\"telephone\" \/><\/span>\n<\/p>\n<p>Fichiers<br \/>\n<span class=\"wpcf7-form-control-wrap\" data-name=\"fichier-1\"><input size=\"40\" class=\"wpcf7-form-control wpcf7-file\" accept=\".pdf,.doc,.docx,.xls,.xlsx,.png,.jpg,.jpeg\" aria-invalid=\"false\" type=\"file\" name=\"fichier-1\" \/><\/span><br \/>\n<span class=\"wpcf7-form-control-wrap\" data-name=\"fichier-2\"><input size=\"40\" class=\"wpcf7-form-control wpcf7-file\" accept=\".pdf,.doc,.docx,.xls,.xlsx,.png,.jpg,.jpeg\" aria-invalid=\"false\" type=\"file\" name=\"fichier-2\" \/><\/span><br \/>\n<span class=\"wpcf7-form-control-wrap\" data-name=\"fichier-3\"><input size=\"40\" class=\"wpcf7-form-control wpcf7-file\" accept=\".pdf,.doc,.docx,.xls,.xlsx,.png,.jpg,.jpeg\" aria-invalid=\"false\" type=\"file\" name=\"fichier-3\" \/><\/span>\n<\/p>\n<p>Message\n<\/p>\n<p><em>Pour les personnes souhaitant adh\u00e9rer \u00e0 la Soci\u00e9t\u00e9, merci de pr\u00e9ciser vos int\u00e9r\u00eats\/domaines de recherche. <\/em><br \/>\n<span class=\"wpcf7-form-control-wrap\" data-name=\"message\"><textarea cols=\"40\" rows=\"10\" maxlength=\"2000\" class=\"wpcf7-form-control wpcf7-textarea\" aria-invalid=\"false\" name=\"message\"><\/textarea><\/span>\n<\/p>\n<p>Anti-spam<br \/>\n<input type=\"hidden\" name=\"_wpcf7_captcha_challenge_captcha-1\" value=\"3473312922\" \/><img loading=\"lazy\" decoding=\"async\" class=\"wpcf7-form-control wpcf7-captchac wpcf7-captcha-captcha-1\" width=\"72\" height=\"24\" alt=\"captcha\" src=\"https:\/\/www.sgeaj.ch\/wp-content\/uploads\/wpcf7_captcha\/3473312922.png\" \/><br \/>\n<span class=\"wpcf7-form-control-wrap\" data-name=\"captcha-1\"><input size=\"40\" class=\"wpcf7-form-control wpcf7-captchar\" autocomplete=\"off\" aria-invalid=\"false\" value=\"\" type=\"text\" name=\"captcha-1\" \/><\/span>\n<\/p>\n<p><input class=\"wpcf7-form-control wpcf7-submit has-spinner\" type=\"submit\" value=\"Envoyer\" \/>\n<\/p><div class=\"wpcf7-response-output\" aria-hidden=\"true\"><\/div>\n<\/form>\n<\/div>\n\r\n\r\n[\/vc_column_text][\/vc_column][vc_column width=\u00a0\u00bb1\/4&Prime;][vc_column_text]<strong>Adresse du secr\u00e9tariat<\/strong>\r\nSoci\u00e9t\u00e9 suisse pour l&rsquo;\u00e9tude du XVIIIe si\u00e8cle\r\nM.A. Mich\u00e8le Steiner\r\nUniversit\u00e4t Basel\r\nDepartement Geschichte\r\nHirschg\u00e4sslein 21\r\n4051 B\u00e2le\r\n\r\nSuisse[\/vc_column_text][\/vc_column][\/vc_row]<!-- \/wp:post-content --><\/div>","protected":false},"excerpt":{"rendered":"<p>[vc_row][vc_column][vc_column_text] Les membres de la Soci\u00e9t\u00e9 suisse pour l&rsquo;\u00e9tude du XVIIIe si\u00e8cle re\u00e7oivent gratuitement les exemplaires de la revue annuelle xviii.ch et sont invit\u00e9s \u00e0 participer aux Assembl\u00e9es g\u00e9n\u00e9rales, ainsi qu&rsquo;aux diverses manifestations organis\u00e9es par la Soci\u00e9t\u00e9 (colloques, visites, etc.). Ils profitent \u00e9galement d&rsquo;un rabais de 35 % sur les volumes de la collection Travaux [&hellip;]<\/p>\n","protected":false},"author":2,"featured_media":4121,"parent":42,"menu_order":3,"comment_status":"closed","ping_status":"closed","template":"","meta":{"footnotes":""},"class_list":["post-55","page","type-page","status-publish","has-post-thumbnail","czr-hentry"],"yoast_head":"<!-- This site is optimized with the Yoast SEO plugin v26.9 - https:\/\/yoast.com\/product\/yoast-seo-wordpress\/ -->\n<title>Contact &amp; adh\u00e9sion - Schweizerische Gesellschaft f\u00fcr die Erforschung des 18. Jahrhunderts (SGEAJ - SSEDS)<\/title>\n<meta name=\"robots\" content=\"index, follow, max-snippet:-1, max-image-preview:large, max-video-preview:-1\" \/>\n<link rel=\"canonical\" href=\"https:\/\/www.sgeaj.ch\/fr\/sseds\/affiliation\/\" \/>\n<meta name=\"twitter:label1\" content=\"Dur\u00e9e de lecture estim\u00e9e\" \/>\n\t<meta name=\"twitter:data1\" content=\"2 minutes\" \/>\n<script type=\"application\/ld+json\" class=\"yoast-schema-graph\">{\"@context\":\"https:\/\/schema.org\",\"@graph\":[{\"@type\":\"WebPage\",\"@id\":\"https:\/\/www.sgeaj.ch\/fr\/sseds\/affiliation\/\",\"url\":\"https:\/\/www.sgeaj.ch\/fr\/sseds\/affiliation\/\",\"name\":\"Contact & adh\u00e9sion - Schweizerische Gesellschaft f\u00fcr die Erforschung des 18. Jahrhunderts (SGEAJ - SSEDS)\",\"isPartOf\":{\"@id\":\"https:\/\/www.sgeaj.ch\/fr\/#website\"},\"primaryImageOfPage\":{\"@id\":\"https:\/\/www.sgeaj.ch\/fr\/sseds\/affiliation\/#primaryimage\"},\"image\":{\"@id\":\"https:\/\/www.sgeaj.ch\/fr\/sseds\/affiliation\/#primaryimage\"},\"thumbnailUrl\":\"https:\/\/www.sgeaj.ch\/wp-content\/uploads\/2020\/10\/lumieres-Lausanne.jpg\",\"datePublished\":\"2013-08-21T06:57:37+00:00\",\"dateModified\":\"2024-04-20T12:13:18+00:00\",\"breadcrumb\":{\"@id\":\"https:\/\/www.sgeaj.ch\/fr\/sseds\/affiliation\/#breadcrumb\"},\"inLanguage\":\"fr-FR\",\"potentialAction\":[{\"@type\":\"ReadAction\",\"target\":[\"https:\/\/www.sgeaj.ch\/fr\/sseds\/affiliation\/\"]}]},{\"@type\":\"ImageObject\",\"inLanguage\":\"fr-FR\",\"@id\":\"https:\/\/www.sgeaj.ch\/fr\/sseds\/affiliation\/#primaryimage\",\"url\":\"https:\/\/www.sgeaj.ch\/wp-content\/uploads\/2020\/10\/lumieres-Lausanne.jpg\",\"contentUrl\":\"https:\/\/www.sgeaj.ch\/wp-content\/uploads\/2020\/10\/lumieres-Lausanne.jpg\",\"width\":1000,\"height\":250},{\"@type\":\"BreadcrumbList\",\"@id\":\"https:\/\/www.sgeaj.ch\/fr\/sseds\/affiliation\/#breadcrumb\",\"itemListElement\":[{\"@type\":\"ListItem\",\"position\":1,\"name\":\"Qui nous sommes\",\"item\":\"https:\/\/www.sgeaj.ch\/fr\/sseds\/\"},{\"@type\":\"ListItem\",\"position\":2,\"name\":\"Contact &#038; adh\u00e9sion\"}]},{\"@type\":\"WebSite\",\"@id\":\"https:\/\/www.sgeaj.ch\/fr\/#website\",\"url\":\"https:\/\/www.sgeaj.ch\/fr\/\",\"name\":\"Schweizerische Gesellschaft f\u00fcr die Erforschung des 18. Jahrhunderts (SGEAJ - SSEDS)\",\"description\":\"Schweizerische Gesellschaft f\u00fcr die Erforschung des 18. Jahrhunderts\",\"publisher\":{\"@id\":\"https:\/\/www.sgeaj.ch\/fr\/#organization\"},\"potentialAction\":[{\"@type\":\"SearchAction\",\"target\":{\"@type\":\"EntryPoint\",\"urlTemplate\":\"https:\/\/www.sgeaj.ch\/fr\/?s={search_term_string}\"},\"query-input\":{\"@type\":\"PropertyValueSpecification\",\"valueRequired\":true,\"valueName\":\"search_term_string\"}}],\"inLanguage\":\"fr-FR\"},{\"@type\":\"Organization\",\"@id\":\"https:\/\/www.sgeaj.ch\/fr\/#organization\",\"name\":\"Schweizerische Gesellschaft f\u00fcr die Erforschung des 18. Jahrhunderts (SGEAJ - SSEDS)\",\"url\":\"https:\/\/www.sgeaj.ch\/fr\/\",\"logo\":{\"@type\":\"ImageObject\",\"inLanguage\":\"fr-FR\",\"@id\":\"https:\/\/www.sgeaj.ch\/fr\/#\/schema\/logo\/image\/\",\"url\":\"https:\/\/www.sgeaj.ch\/wp-content\/uploads\/2021\/06\/cropped-logo-xviiies-horiz-abreuviations-bleues.png\",\"contentUrl\":\"https:\/\/www.sgeaj.ch\/wp-content\/uploads\/2021\/06\/cropped-logo-xviiies-horiz-abreuviations-bleues.png\",\"width\":659,\"height\":335,\"caption\":\"Schweizerische Gesellschaft f\u00fcr die Erforschung des 18. Jahrhunderts (SGEAJ - SSEDS)\"},\"image\":{\"@id\":\"https:\/\/www.sgeaj.ch\/fr\/#\/schema\/logo\/image\/\"}}]}<\/script>\n<!-- \/ Yoast SEO plugin. -->","yoast_head_json":{"title":"Contact & adh\u00e9sion - Schweizerische Gesellschaft f\u00fcr die Erforschung des 18. Jahrhunderts (SGEAJ - SSEDS)","robots":{"index":"index","follow":"follow","max-snippet":"max-snippet:-1","max-image-preview":"max-image-preview:large","max-video-preview":"max-video-preview:-1"},"canonical":"https:\/\/www.sgeaj.ch\/fr\/sseds\/affiliation\/","twitter_misc":{"Dur\u00e9e de lecture estim\u00e9e":"2 minutes"},"schema":{"@context":"https:\/\/schema.org","@graph":[{"@type":"WebPage","@id":"https:\/\/www.sgeaj.ch\/fr\/sseds\/affiliation\/","url":"https:\/\/www.sgeaj.ch\/fr\/sseds\/affiliation\/","name":"Contact & adh\u00e9sion - Schweizerische Gesellschaft f\u00fcr die Erforschung des 18. Jahrhunderts (SGEAJ - SSEDS)","isPartOf":{"@id":"https:\/\/www.sgeaj.ch\/fr\/#website"},"primaryImageOfPage":{"@id":"https:\/\/www.sgeaj.ch\/fr\/sseds\/affiliation\/#primaryimage"},"image":{"@id":"https:\/\/www.sgeaj.ch\/fr\/sseds\/affiliation\/#primaryimage"},"thumbnailUrl":"https:\/\/www.sgeaj.ch\/wp-content\/uploads\/2020\/10\/lumieres-Lausanne.jpg","datePublished":"2013-08-21T06:57:37+00:00","dateModified":"2024-04-20T12:13:18+00:00","breadcrumb":{"@id":"https:\/\/www.sgeaj.ch\/fr\/sseds\/affiliation\/#breadcrumb"},"inLanguage":"fr-FR","potentialAction":[{"@type":"ReadAction","target":["https:\/\/www.sgeaj.ch\/fr\/sseds\/affiliation\/"]}]},{"@type":"ImageObject","inLanguage":"fr-FR","@id":"https:\/\/www.sgeaj.ch\/fr\/sseds\/affiliation\/#primaryimage","url":"https:\/\/www.sgeaj.ch\/wp-content\/uploads\/2020\/10\/lumieres-Lausanne.jpg","contentUrl":"https:\/\/www.sgeaj.ch\/wp-content\/uploads\/2020\/10\/lumieres-Lausanne.jpg","width":1000,"height":250},{"@type":"BreadcrumbList","@id":"https:\/\/www.sgeaj.ch\/fr\/sseds\/affiliation\/#breadcrumb","itemListElement":[{"@type":"ListItem","position":1,"name":"Qui nous sommes","item":"https:\/\/www.sgeaj.ch\/fr\/sseds\/"},{"@type":"ListItem","position":2,"name":"Contact &#038; adh\u00e9sion"}]},{"@type":"WebSite","@id":"https:\/\/www.sgeaj.ch\/fr\/#website","url":"https:\/\/www.sgeaj.ch\/fr\/","name":"Schweizerische Gesellschaft f\u00fcr die Erforschung des 18. Jahrhunderts (SGEAJ - SSEDS)","description":"Schweizerische Gesellschaft f\u00fcr die Erforschung des 18. Jahrhunderts","publisher":{"@id":"https:\/\/www.sgeaj.ch\/fr\/#organization"},"potentialAction":[{"@type":"SearchAction","target":{"@type":"EntryPoint","urlTemplate":"https:\/\/www.sgeaj.ch\/fr\/?s={search_term_string}"},"query-input":{"@type":"PropertyValueSpecification","valueRequired":true,"valueName":"search_term_string"}}],"inLanguage":"fr-FR"},{"@type":"Organization","@id":"https:\/\/www.sgeaj.ch\/fr\/#organization","name":"Schweizerische Gesellschaft f\u00fcr die Erforschung des 18. Jahrhunderts (SGEAJ - SSEDS)","url":"https:\/\/www.sgeaj.ch\/fr\/","logo":{"@type":"ImageObject","inLanguage":"fr-FR","@id":"https:\/\/www.sgeaj.ch\/fr\/#\/schema\/logo\/image\/","url":"https:\/\/www.sgeaj.ch\/wp-content\/uploads\/2021\/06\/cropped-logo-xviiies-horiz-abreuviations-bleues.png","contentUrl":"https:\/\/www.sgeaj.ch\/wp-content\/uploads\/2021\/06\/cropped-logo-xviiies-horiz-abreuviations-bleues.png","width":659,"height":335,"caption":"Schweizerische Gesellschaft f\u00fcr die Erforschung des 18. Jahrhunderts (SGEAJ - SSEDS)"},"image":{"@id":"https:\/\/www.sgeaj.ch\/fr\/#\/schema\/logo\/image\/"}}]}},"_links":{"self":[{"href":"https:\/\/www.sgeaj.ch\/fr\/wp-json\/wp\/v2\/pages\/55","targetHints":{"allow":["GET"]}}],"collection":[{"href":"https:\/\/www.sgeaj.ch\/fr\/wp-json\/wp\/v2\/pages"}],"about":[{"href":"https:\/\/www.sgeaj.ch\/fr\/wp-json\/wp\/v2\/types\/page"}],"author":[{"embeddable":true,"href":"https:\/\/www.sgeaj.ch\/fr\/wp-json\/wp\/v2\/users\/2"}],"replies":[{"embeddable":true,"href":"https:\/\/www.sgeaj.ch\/fr\/wp-json\/wp\/v2\/comments?post=55"}],"version-history":[{"count":30,"href":"https:\/\/www.sgeaj.ch\/fr\/wp-json\/wp\/v2\/pages\/55\/revisions"}],"predecessor-version":[{"id":7283,"href":"https:\/\/www.sgeaj.ch\/fr\/wp-json\/wp\/v2\/pages\/55\/revisions\/7283"}],"up":[{"embeddable":true,"href":"https:\/\/www.sgeaj.ch\/fr\/wp-json\/wp\/v2\/pages\/42"}],"wp:featuredmedia":[{"embeddable":true,"href":"https:\/\/www.sgeaj.ch\/fr\/wp-json\/wp\/v2\/media\/4121"}],"wp:attachment":[{"href":"https:\/\/www.sgeaj.ch\/fr\/wp-json\/wp\/v2\/media?parent=55"}],"curies":[{"name":"wp","href":"https:\/\/api.w.org\/{rel}","templated":true}]}}