{"id":58,"date":"2013-08-21T08:57:26","date_gmt":"2013-08-21T06:57:26","guid":{"rendered":"https:\/\/www.sgeaj.ch\/?page_id=58"},"modified":"2026-06-02T09:17:59","modified_gmt":"2026-06-02T07:17:59","slug":"sieds","status":"publish","type":"page","link":"https:\/\/www.sgeaj.ch\/fr\/sseds\/sieds\/","title":{"rendered":"Soci\u00e9t\u00e9 internationale d\u2019\u00e9tude du XVIIIe si\u00e8cle"},"content":{"rendered":"<div class=\"wpb-content-wrapper\"><p>[vc_row][vc_column width=\u00a0\u00bb1\/2&Prime;][vc_column_text]<\/p>\n<p><strong>Qui est la ISECS?<\/strong><\/p>\n<p>La S<em>oci\u00e9t\u00e9 internationale d&rsquo;\u00e9tudes du XVIIIe si\u00e8cle<\/em> (SIEDS) agit en tant qu&rsquo;organisation fa\u00eeti\u00e8re des soci\u00e9t\u00e9s nationales. Les membres \u00e9lus et les d\u00e9l\u00e9gu\u00e9s des soci\u00e9t\u00e9s nationales font partie de son conseil d&rsquo;administration.\u00a0En tant que membres du SSEDS, ils appartiennent \u00e9galement \u00e0 la soci\u00e9t\u00e9 internationale ISECS et sont ainsi int\u00e9gr\u00e9s dans un r\u00e9seau mondial de chercheurs (\u2192 Soci\u00e9t\u00e9s nationales; membres de la SSEDS et de la SIEDS).<\/p>\n<p>Plus d&rsquo;informations: <a href=\"http:\/\/www.isecs.org\/\" target=\"_blank\" rel=\"noopener noreferrer\">www.isecs.org<\/a><\/p>\n<p>[\/vc_column_text][vc_column_text]<\/p>\n<p><strong>Congr\u00e8s international<\/strong><\/p>\n<p>La SIEDS tient un congr\u00e8s international tous les quatre ans. Seize congr\u00e8s ont \u00e9t\u00e9 organis\u00e9s depuis 1963, les plus r\u00e9cents ayant eu lieu \u00e0 Graz (2011), Rotterdam (2015), \u00c9dimbourg (2019) et Rome (2023). Le 17e congr\u00e8s se tiendra du 11 au 16 juillet 2027 \u00e0 Saragosse (Espagne) sur le th\u00e8me \u00ab\u00a0Enlightenment and (In)equality\u00a0\u00bb. Vous trouverez toutes les informations relatives au congr\u00e8s sur <a href=\"https:\/\/www.isecs-zaragoza2027.net\/fr\/bienvenue\/\">le site officiel<\/a>.<\/p>\n<p>[\/vc_column_text][\/vc_column][vc_column width=\u00a0\u00bb1\/2&Prime;][vc_column_text]<\/p>\n<p><strong>Election du comit\u00e9 de la SIEDS<br \/>\n<\/strong><\/p>\n<p>Via la page <a href=\"https:\/\/oraprdnt.uqtr.uquebec.ca\/pls\/public\/gscw031?owa_no_site=2999&amp;owa_no_fiche=509\" target=\"_blank\" rel=\"noopener noreferrer\">SIEDS-direct<\/a> et votre compte personnel, vous pouvez facilement et en toute s\u00e9curit\u00e9 choisir le comit\u00e9 de la SIEDS en ligne. Tous les membres qui sont mentionn\u00e9s nomm\u00e9ment dans l&rsquo;annuaire \u00e9lectronique de la SIEDS-direct ont le droit de participer \u00e0 l&rsquo;\u00e9lection du comit\u00e9 ex\u00e9cutif, soit en ligne, soit par vote par correspondance. Si vous avez oubli\u00e9 votre mot de passe, veuillez contacter la page <a href=\"https:\/\/oraprdnt.uqtr.uquebec.ca\/pls\/public\/gscw031?owa_no_site=1947&amp;owa_no_fiche=509&amp;owa_apercu=N&amp;owa_imprimable=N&amp;owa_bottin=\" target=\"_blank\" rel=\"noopener noreferrer\">Aide<\/a>. Si vous ne trouvez pas votre nom dans l&rsquo;annuaire de la SIEDS-direct ou si vous avez d&rsquo;autres questions, veuillez contacter <a href=\"mailto:admin@isecs.org\" target=\"_blank\" rel=\"noopener noreferrer\">admin@isecs.org<\/a>. Veuillez noter que vous ne pouvez pas voter par procuration ou en personne lors du congr\u00e8s.<\/p>\n<p>[\/vc_column_text][vc_column_text]<\/p>\n<p><strong>Seminaire international pour jeunes chercheurs<\/strong><\/p>\n<p><img loading=\"lazy\" decoding=\"async\" class=\" wp-image-3809 alignleft\" src=\"https:\/\/www.sgeaj.ch\/wp-content\/uploads\/2019\/08\/ISECS-seminar-2020-300x267.png\" alt=\"\" width=\"210\" height=\"187\" srcset=\"https:\/\/www.sgeaj.ch\/wp-content\/uploads\/2019\/08\/ISECS-seminar-2020-300x267.png 300w, https:\/\/www.sgeaj.ch\/wp-content\/uploads\/2019\/08\/ISECS-seminar-2020-150x134.png 150w, https:\/\/www.sgeaj.ch\/wp-content\/uploads\/2019\/08\/ISECS-seminar-2020.png 431w\" sizes=\"auto, (max-width: 210px) 100vw, 210px\" \/>La SIEDS organise \u00e9galement des <a href=\"https:\/\/oraprdnt.uqtr.uquebec.ca\/pls\/public\/gscw031?owa_no_site=304&amp;owa_no_fiche=19&amp;owa_apercu=N&amp;owa_imprimable=N&amp;owa_bottin=\" target=\"_blank\" rel=\"noopener noreferrer\">s\u00e9minaires internationaux annuels pour les jeunes chercheurs<\/a>, pour lesquels les membres de la SIEDS peuvent \u00e9galement poser leur candidature. En 2026, le s\u00e9minaire se tiendra du 17 au 20 juin \u00e0 Tr\u00e8ves (Allemagne) sur le th\u00e8me \u00ab\u00a0Reforming Religion, Morality and Society in Afro-Eurasia: Intellectual and Cultural Traditions in Motion in the Global Eighteenth Century\u00a0\u00bb. Le prochain s\u00e9minaire aura lieu du 7 au 10 juillet 2027 dans le cadre du <a href=\"https:\/\/www.isecs-zaragoza2027.net\/fr\/seminaire-international-des-jeunes-dix-huitiemistes\/\">congr\u00e8s international de l&rsquo;SSIEDS \u00e0 Saragosse<\/a> (Espagne).<\/p>\n<p>[\/vc_column_text][\/vc_column][\/vc_row]<\/p>\n<\/div>","protected":false},"excerpt":{"rendered":"<p>[vc_row][vc_column width=\u00a0\u00bb1\/2&Prime;][vc_column_text] Qui est la ISECS? La Soci\u00e9t\u00e9 internationale d&rsquo;\u00e9tudes du XVIIIe si\u00e8cle (SIEDS) agit en tant qu&rsquo;organisation fa\u00eeti\u00e8re des soci\u00e9t\u00e9s nationales. Les membres \u00e9lus et les d\u00e9l\u00e9gu\u00e9s des soci\u00e9t\u00e9s nationales font partie de son conseil d&rsquo;administration.\u00a0En tant que membres du SSEDS, ils appartiennent \u00e9galement \u00e0 la soci\u00e9t\u00e9 internationale ISECS et sont ainsi int\u00e9gr\u00e9s dans [&hellip;]<\/p>\n","protected":false},"author":2,"featured_media":4232,"parent":42,"menu_order":2,"comment_status":"closed","ping_status":"closed","template":"","meta":{"footnotes":""},"class_list":["post-58","page","type-page","status-publish","has-post-thumbnail","czr-hentry"],"yoast_head":"<!-- This site is optimized with the Yoast SEO plugin v26.9 - https:\/\/yoast.com\/product\/yoast-seo-wordpress\/ -->\n<title>Soci\u00e9t\u00e9 internationale d\u2019\u00e9tude du XVIIIe si\u00e8cle - Schweizerische Gesellschaft f\u00fcr die Erforschung des 18. Jahrhunderts (SGEAJ - SSEDS)<\/title>\n<meta name=\"robots\" content=\"index, follow, max-snippet:-1, max-image-preview:large, max-video-preview:-1\" \/>\n<link rel=\"canonical\" href=\"https:\/\/www.sgeaj.ch\/fr\/sseds\/sieds\/\" \/>\n<meta name=\"twitter:label1\" content=\"Dur\u00e9e de lecture estim\u00e9e\" \/>\n\t<meta name=\"twitter:data1\" content=\"3 minutes\" \/>\n<script type=\"application\/ld+json\" class=\"yoast-schema-graph\">{\"@context\":\"https:\/\/schema.org\",\"@graph\":[{\"@type\":\"WebPage\",\"@id\":\"https:\/\/www.sgeaj.ch\/fr\/sseds\/sieds\/\",\"url\":\"https:\/\/www.sgeaj.ch\/fr\/sseds\/sieds\/\",\"name\":\"Soci\u00e9t\u00e9 internationale d\u2019\u00e9tude du XVIIIe si\u00e8cle - Schweizerische Gesellschaft f\u00fcr die Erforschung des 18. Jahrhunderts (SGEAJ - SSEDS)\",\"isPartOf\":{\"@id\":\"https:\/\/www.sgeaj.ch\/fr\/#website\"},\"primaryImageOfPage\":{\"@id\":\"https:\/\/www.sgeaj.ch\/fr\/sseds\/sieds\/#primaryimage\"},\"image\":{\"@id\":\"https:\/\/www.sgeaj.ch\/fr\/sseds\/sieds\/#primaryimage\"},\"thumbnailUrl\":\"https:\/\/www.sgeaj.ch\/wp-content\/uploads\/2020\/10\/ISECS.png\",\"datePublished\":\"2013-08-21T06:57:26+00:00\",\"dateModified\":\"2026-06-02T07:17:59+00:00\",\"breadcrumb\":{\"@id\":\"https:\/\/www.sgeaj.ch\/fr\/sseds\/sieds\/#breadcrumb\"},\"inLanguage\":\"fr-FR\",\"potentialAction\":[{\"@type\":\"ReadAction\",\"target\":[\"https:\/\/www.sgeaj.ch\/fr\/sseds\/sieds\/\"]}]},{\"@type\":\"ImageObject\",\"inLanguage\":\"fr-FR\",\"@id\":\"https:\/\/www.sgeaj.ch\/fr\/sseds\/sieds\/#primaryimage\",\"url\":\"https:\/\/www.sgeaj.ch\/wp-content\/uploads\/2020\/10\/ISECS.png\",\"contentUrl\":\"https:\/\/www.sgeaj.ch\/wp-content\/uploads\/2020\/10\/ISECS.png\",\"width\":772,\"height\":528},{\"@type\":\"BreadcrumbList\",\"@id\":\"https:\/\/www.sgeaj.ch\/fr\/sseds\/sieds\/#breadcrumb\",\"itemListElement\":[{\"@type\":\"ListItem\",\"position\":1,\"name\":\"Qui nous sommes\",\"item\":\"https:\/\/www.sgeaj.ch\/fr\/sseds\/\"},{\"@type\":\"ListItem\",\"position\":2,\"name\":\"Soci\u00e9t\u00e9 internationale d\u2019\u00e9tude du XVIIIe si\u00e8cle\"}]},{\"@type\":\"WebSite\",\"@id\":\"https:\/\/www.sgeaj.ch\/fr\/#website\",\"url\":\"https:\/\/www.sgeaj.ch\/fr\/\",\"name\":\"Schweizerische Gesellschaft f\u00fcr die Erforschung des 18. Jahrhunderts (SGEAJ - SSEDS)\",\"description\":\"Schweizerische Gesellschaft f\u00fcr die Erforschung des 18. Jahrhunderts\",\"publisher\":{\"@id\":\"https:\/\/www.sgeaj.ch\/fr\/#organization\"},\"potentialAction\":[{\"@type\":\"SearchAction\",\"target\":{\"@type\":\"EntryPoint\",\"urlTemplate\":\"https:\/\/www.sgeaj.ch\/fr\/?s={search_term_string}\"},\"query-input\":{\"@type\":\"PropertyValueSpecification\",\"valueRequired\":true,\"valueName\":\"search_term_string\"}}],\"inLanguage\":\"fr-FR\"},{\"@type\":\"Organization\",\"@id\":\"https:\/\/www.sgeaj.ch\/fr\/#organization\",\"name\":\"Schweizerische Gesellschaft f\u00fcr die Erforschung des 18. Jahrhunderts (SGEAJ - SSEDS)\",\"url\":\"https:\/\/www.sgeaj.ch\/fr\/\",\"logo\":{\"@type\":\"ImageObject\",\"inLanguage\":\"fr-FR\",\"@id\":\"https:\/\/www.sgeaj.ch\/fr\/#\/schema\/logo\/image\/\",\"url\":\"https:\/\/www.sgeaj.ch\/wp-content\/uploads\/2021\/06\/cropped-logo-xviiies-horiz-abreuviations-bleues.png\",\"contentUrl\":\"https:\/\/www.sgeaj.ch\/wp-content\/uploads\/2021\/06\/cropped-logo-xviiies-horiz-abreuviations-bleues.png\",\"width\":659,\"height\":335,\"caption\":\"Schweizerische Gesellschaft f\u00fcr die Erforschung des 18. Jahrhunderts (SGEAJ - SSEDS)\"},\"image\":{\"@id\":\"https:\/\/www.sgeaj.ch\/fr\/#\/schema\/logo\/image\/\"}}]}<\/script>\n<!-- \/ Yoast SEO plugin. -->","yoast_head_json":{"title":"Soci\u00e9t\u00e9 internationale d\u2019\u00e9tude du XVIIIe si\u00e8cle - Schweizerische Gesellschaft f\u00fcr die Erforschung des 18. Jahrhunderts (SGEAJ - SSEDS)","robots":{"index":"index","follow":"follow","max-snippet":"max-snippet:-1","max-image-preview":"max-image-preview:large","max-video-preview":"max-video-preview:-1"},"canonical":"https:\/\/www.sgeaj.ch\/fr\/sseds\/sieds\/","twitter_misc":{"Dur\u00e9e de lecture estim\u00e9e":"3 minutes"},"schema":{"@context":"https:\/\/schema.org","@graph":[{"@type":"WebPage","@id":"https:\/\/www.sgeaj.ch\/fr\/sseds\/sieds\/","url":"https:\/\/www.sgeaj.ch\/fr\/sseds\/sieds\/","name":"Soci\u00e9t\u00e9 internationale d\u2019\u00e9tude du XVIIIe si\u00e8cle - Schweizerische Gesellschaft f\u00fcr die Erforschung des 18. Jahrhunderts (SGEAJ - SSEDS)","isPartOf":{"@id":"https:\/\/www.sgeaj.ch\/fr\/#website"},"primaryImageOfPage":{"@id":"https:\/\/www.sgeaj.ch\/fr\/sseds\/sieds\/#primaryimage"},"image":{"@id":"https:\/\/www.sgeaj.ch\/fr\/sseds\/sieds\/#primaryimage"},"thumbnailUrl":"https:\/\/www.sgeaj.ch\/wp-content\/uploads\/2020\/10\/ISECS.png","datePublished":"2013-08-21T06:57:26+00:00","dateModified":"2026-06-02T07:17:59+00:00","breadcrumb":{"@id":"https:\/\/www.sgeaj.ch\/fr\/sseds\/sieds\/#breadcrumb"},"inLanguage":"fr-FR","potentialAction":[{"@type":"ReadAction","target":["https:\/\/www.sgeaj.ch\/fr\/sseds\/sieds\/"]}]},{"@type":"ImageObject","inLanguage":"fr-FR","@id":"https:\/\/www.sgeaj.ch\/fr\/sseds\/sieds\/#primaryimage","url":"https:\/\/www.sgeaj.ch\/wp-content\/uploads\/2020\/10\/ISECS.png","contentUrl":"https:\/\/www.sgeaj.ch\/wp-content\/uploads\/2020\/10\/ISECS.png","width":772,"height":528},{"@type":"BreadcrumbList","@id":"https:\/\/www.sgeaj.ch\/fr\/sseds\/sieds\/#breadcrumb","itemListElement":[{"@type":"ListItem","position":1,"name":"Qui nous sommes","item":"https:\/\/www.sgeaj.ch\/fr\/sseds\/"},{"@type":"ListItem","position":2,"name":"Soci\u00e9t\u00e9 internationale d\u2019\u00e9tude du XVIIIe si\u00e8cle"}]},{"@type":"WebSite","@id":"https:\/\/www.sgeaj.ch\/fr\/#website","url":"https:\/\/www.sgeaj.ch\/fr\/","name":"Schweizerische Gesellschaft f\u00fcr die Erforschung des 18. Jahrhunderts (SGEAJ - SSEDS)","description":"Schweizerische Gesellschaft f\u00fcr die Erforschung des 18. Jahrhunderts","publisher":{"@id":"https:\/\/www.sgeaj.ch\/fr\/#organization"},"potentialAction":[{"@type":"SearchAction","target":{"@type":"EntryPoint","urlTemplate":"https:\/\/www.sgeaj.ch\/fr\/?s={search_term_string}"},"query-input":{"@type":"PropertyValueSpecification","valueRequired":true,"valueName":"search_term_string"}}],"inLanguage":"fr-FR"},{"@type":"Organization","@id":"https:\/\/www.sgeaj.ch\/fr\/#organization","name":"Schweizerische Gesellschaft f\u00fcr die Erforschung des 18. Jahrhunderts (SGEAJ - SSEDS)","url":"https:\/\/www.sgeaj.ch\/fr\/","logo":{"@type":"ImageObject","inLanguage":"fr-FR","@id":"https:\/\/www.sgeaj.ch\/fr\/#\/schema\/logo\/image\/","url":"https:\/\/www.sgeaj.ch\/wp-content\/uploads\/2021\/06\/cropped-logo-xviiies-horiz-abreuviations-bleues.png","contentUrl":"https:\/\/www.sgeaj.ch\/wp-content\/uploads\/2021\/06\/cropped-logo-xviiies-horiz-abreuviations-bleues.png","width":659,"height":335,"caption":"Schweizerische Gesellschaft f\u00fcr die Erforschung des 18. Jahrhunderts (SGEAJ - SSEDS)"},"image":{"@id":"https:\/\/www.sgeaj.ch\/fr\/#\/schema\/logo\/image\/"}}]}},"_links":{"self":[{"href":"https:\/\/www.sgeaj.ch\/fr\/wp-json\/wp\/v2\/pages\/58","targetHints":{"allow":["GET"]}}],"collection":[{"href":"https:\/\/www.sgeaj.ch\/fr\/wp-json\/wp\/v2\/pages"}],"about":[{"href":"https:\/\/www.sgeaj.ch\/fr\/wp-json\/wp\/v2\/types\/page"}],"author":[{"embeddable":true,"href":"https:\/\/www.sgeaj.ch\/fr\/wp-json\/wp\/v2\/users\/2"}],"replies":[{"embeddable":true,"href":"https:\/\/www.sgeaj.ch\/fr\/wp-json\/wp\/v2\/comments?post=58"}],"version-history":[{"count":46,"href":"https:\/\/www.sgeaj.ch\/fr\/wp-json\/wp\/v2\/pages\/58\/revisions"}],"predecessor-version":[{"id":8526,"href":"https:\/\/www.sgeaj.ch\/fr\/wp-json\/wp\/v2\/pages\/58\/revisions\/8526"}],"up":[{"embeddable":true,"href":"https:\/\/www.sgeaj.ch\/fr\/wp-json\/wp\/v2\/pages\/42"}],"wp:featuredmedia":[{"embeddable":true,"href":"https:\/\/www.sgeaj.ch\/fr\/wp-json\/wp\/v2\/media\/4232"}],"wp:attachment":[{"href":"https:\/\/www.sgeaj.ch\/fr\/wp-json\/wp\/v2\/media?parent=58"}],"curies":[{"name":"wp","href":"https:\/\/api.w.org\/{rel}","templated":true}]}}